{"id":4838,"date":"2016-10-10T18:32:47","date_gmt":"2016-10-10T16:32:47","guid":{"rendered":"http:\/\/www.tours-in-provence.com\/fr\/circuits-verdon-copy"},"modified":"2016-11-22T20:42:38","modified_gmt":"2016-11-22T19:42:38","slug":"van-gogh-arles-st-remy","status":"publish","type":"page","link":"https:\/\/www.tours-in-provence.com\/fr\/van-gogh-arles-st-remy","title":{"rendered":"Vincent Van Gogh : Arles et St R\u00e9my de Provence"},"content":{"rendered":"<p>[vc_row][vc_column width=\u00a0\u00bb1\/2&Prime;][vc_empty_space height=\u00a0\u00bb15px\u00a0\u00bb][rev_slider_vc alias=\u00a0\u00bbvan-gogh\u00a0\u00bb][vc_empty_space height=\u00a0\u00bb15px\u00a0\u00bb][vc_row_inner content_placement=\u00a0\u00bbmiddle\u00a0\u00bb css=\u00a0\u00bb.vc_custom_1464118205599{padding-left: 5px !important;}\u00a0\u00bb][vc_column_inner width=\u00a0\u00bb1\/2&Prime;][vc_single_image image=\u00a0\u00bb4591&Prime; img_size=\u00a0\u00bbmedium\u00a0\u00bb alignment=\u00a0\u00bbcenter\u00a0\u00bb style=\u00a0\u00bbvc_box_shadow\u00a0\u00bb onclick=\u00a0\u00bbimg_link_large\u00a0\u00bb img_link_target=\u00a0\u00bb_blank\u00a0\u00bb][\/vc_column_inner][vc_column_inner width=\u00a0\u00bb1\/2&Prime;][vc_message message_box_style=\u00a0\u00bb3d\u00a0\u00bb message_box_color=\u00a0\u00bbblue\u00a0\u00bb icon_fontawesome=\u00a0\u00bbfa fa-camera-retro\u00a0\u00bb]<span style=\"color: #333333;\"><a style=\"color: #333333;\" href=\"http:\/\/www.tours-in-provence.com\/fr\/album-photos\">Pour plus de photos voir l&rsquo;album de C\u00e9cile<\/a><\/span>[\/vc_message][vc_column_text]<a href=\"http:\/\/www.fondation-vincentvangogh-arles.org\/\" target=\"_blank\"><img loading=\"lazy\" decoding=\"async\" class=\"alignleft wp-image-4846 size-full\" src=\"http:\/\/www.tours-in-provence.com\/fr\/wp-content\/uploads\/sites\/9\/2016\/10\/logo-fondation-van-gogh.png\" alt=\"fondation-van-gogh\" width=\"205\" height=\"128\" \/><\/a><br \/>\n&gt; <a href=\"http:\/\/www.fondation-vincentvangogh-arles.org\" target=\"_blank\">En savoir plus<br \/>\nsur la Fondation\u00a0<\/a>[\/vc_column_text][\/vc_column_inner][\/vc_row_inner][\/vc_column][vc_column width=\u00a0\u00bb1\/2&Prime;][vc_column_text]<\/p>\n<h3><span style=\"color: #000000;\">Sur les pas de Van Gogh !<\/span><\/h3>\n<p><span style=\"color: #000000;\">Nous commencerons notre itin\u00e9raire avec la <strong>visite d\u2019Arles<\/strong>, o\u00f9 v\u00e9cu Vincent Van Gogh en 1888 et 1889. L\u00e0 nous visiterons le jardin de l\u2019H\u00f4tel-Dieu, la place du forum appel\u00e9e ainsi pour les deux colonnes et le chapiteau d\u2019un temple romain, situ\u00e9s sur la fa\u00e7ade de l\u2019H\u00f4tel Nord Pinus. Pendant son ann\u00e9e \u00e0 Arles Vincent Van Gogh r\u00e9alise de nombreuses vues des monuments comme l\u2019amphith\u00e9\u00e2tre mais aussi la maison jaune et le jardin public du boulevard de lys.<img loading=\"lazy\" decoding=\"async\" class=\"alignright size-medium wp-image-5362\" src=\"http:\/\/www.tours-in-provence.com\/fr\/wp-content\/uploads\/sites\/9\/2016\/10\/arles-theatre-211x300.jpg\" alt=\"arles-theatre\" width=\"211\" height=\"300\" srcset=\"https:\/\/www.tours-in-provence.com\/fr\/wp-content\/uploads\/sites\/9\/2016\/10\/arles-theatre-211x300.jpg 211w, https:\/\/www.tours-in-provence.com\/fr\/wp-content\/uploads\/sites\/9\/2016\/10\/arles-theatre.jpg 702w\" sizes=\"auto, (max-width: 211px) 100vw, 211px\" \/><\/span><\/p>\n<p><span style=\"color: #000000;\">Arles est une visite incontournable pour les passionn\u00e9s d\u2019art. Ancienne colonie sous Jules C\u00e9sar, elle voit son urbanisation se d\u00e9velopper sous l\u2019empereur Auguste, de nombreux monuments en sont les t\u00e9moins : <strong>le th\u00e9\u00e2tre, l\u2019amphith\u00e9\u00e2tre<\/strong>. Sur la place de l\u2019h\u00f4tel de Ville,<strong> l\u2019\u00e9glise St Trophime<\/strong>, dont le portail et le clo\u00eetre sont des joyaux de l\u2019art roman tardif du midi.<\/span><\/p>\n<p><span style=\"color: #000000;\">Vous aurez la possibilit\u00e9 de d\u00e9couvrir un superbe lieu d\u2019exposition situ\u00e9 dans l\u2019h\u00f4tel L\u00e9autaud de Donines : <strong>La Fondation Vincent Van Gogh<\/strong>. Cet \u00e9t\u00e9 2016, 31 oeuvres du peintre ont \u00e9t\u00e9 pr\u00e9sent\u00e9es. Un autre projet ambitieux : La Fondation Luma est aussi men\u00e9e par Maja Hoffman. L\u2019architecte de ce projet est Frank Gehry\u2026<\/span><\/p>\n<p><span style=\"color: #000000;\">Nous prendrons la direction de <strong>Saint R\u00e9my de Provence<\/strong>. A travers les magnifiques paysages des Alpilles.<\/span><br \/>\n<span style=\"color: #000000;\">Nous visiterons <strong>Saint Paul le Mausole<\/strong> o\u00f9 Vincent Van Gogh v\u00e9cu en 1889.<\/span><br \/>\n<span style=\"color: #000000;\">Le village de St R\u00e9my de Provence avec ses charmantes rues et places. C\u2019est aussi un village o\u00f9 il est agr\u00e9able de s\u00e9journer. Il y a de nombreuses sp\u00e9cialit\u00e9s culinaires, des boutiques d\u2019artisanats et de d\u00e9coration.<\/span><br \/>\n<span style=\"color: #000000;\"><strong>Le mus\u00e9e des Alpilles<\/strong>, donne aux visiteurs \u00e0 conna\u00eetre et comprendre le patrimoine culturel, naturel et humain des Alpilles. Il est situ\u00e9 dans un tr\u00e8s bel h\u00f4tel particulier d\u2019\u00e9poque Renaissance.<\/span><br \/>\n<span style=\"color: #000000;\">Les sites grec et gallo romain de <strong>Glanum<\/strong> sont situ\u00e9s sur les contreforts des Alpilles.<\/span>[\/vc_column_text][vc_empty_space height=\u00a0\u00bb15px\u00a0\u00bb][vc_row_inner][vc_column_inner width=\u00a0\u00bb1\/3&Prime;][\/vc_column_inner][vc_column_inner width=\u00a0\u00bb1\/3&Prime;][vc_btn title=\u00a0\u00bbTARIFS &amp; INFORMATIONS\u00a0\u00bb color=\u00a0\u00bbwarning\u00a0\u00bb align=\u00a0\u00bbcenter\u00a0\u00bb link=\u00a0\u00bburl:http%3A%2F%2Fwww.tours-in-provence.com%2Ffr%2Freservation-circuit-provence||\u00a0\u00bb][\/vc_column_inner][vc_column_inner width=\u00a0\u00bb1\/3&Prime;][\/vc_column_inner][\/vc_row_inner][\/vc_column][\/vc_row][vc_row css=\u00a0\u00bb.vc_custom_1463128062500{background-color: #dd9933 !important;}\u00a0\u00bb][vc_column width=\u00a0\u00bb1\/3&Prime;][vc_empty_space height=\u00a0\u00bb5px\u00a0\u00bb][vc_column_text]<\/p>\n<h3><span style=\"color: #ffffff;\">Id\u00e9es de Circuits \u00e0 la Carte<\/span><\/h3>\n<hr \/>\n<p><span style=\"color: #ffffff;\"> <a href=\"http:\/\/www.tours-in-provence.com\/fr\/circuit-lavande\"><img loading=\"lazy\" decoding=\"async\" class=\"alignleft wp-image-5417\" src=\"http:\/\/www.tours-in-provence.com\/fr\/wp-content\/uploads\/sites\/9\/2016\/11\/lavande-brin.png\" alt=\"lavande-brin\" width=\"47\" height=\"111\" \/><\/a><strong>Sur les routes de la Lavande<br \/>\n<\/strong>Circuits Luberon, Verdon. Un circuit tout en senteur &#8230;<br \/>\n+ <a style=\"color: #ffffff;\" href=\"http:\/\/www.tours-in-provence.com\/fr\/circuit-lavande\">en savoir plus<\/a><\/span><\/p>\n<hr \/>\n<p><span style=\"color: #ffffff;\"> <a style=\"color: #ffffff;\" href=\"http:\/\/www.tours-in-provence.com\/fr\/circuit-vins\"><img loading=\"lazy\" decoding=\"async\" class=\"alignleft wp-image-4779\" src=\"http:\/\/www.tours-in-provence.com\/fr\/wp-content\/uploads\/sites\/9\/2016\/06\/vignoble-150x150.jpg\" alt=\"vins\" width=\"100\" height=\"66\" srcset=\"https:\/\/www.tours-in-provence.com\/fr\/wp-content\/uploads\/sites\/9\/2016\/06\/vignoble-300x199.jpg 300w, https:\/\/www.tours-in-provence.com\/fr\/wp-content\/uploads\/sites\/9\/2016\/06\/vignoble-768x510.jpg 768w, https:\/\/www.tours-in-provence.com\/fr\/wp-content\/uploads\/sites\/9\/2016\/06\/vignoble-1024x680.jpg 1024w, https:\/\/www.tours-in-provence.com\/fr\/wp-content\/uploads\/sites\/9\/2016\/06\/vignoble.jpg 2000w\" sizes=\"auto, (max-width: 100px) 100vw, 100px\" \/><\/a><strong>Vins de Provence<br \/>\n<\/strong>Circuit des vignobles. D\u00e9gustation de vins Ros\u00e9 &#8230;<br \/>\n+ <a style=\"color: #ffffff;\" href=\"http:\/\/www.tours-in-provence.com\/fr\/circuit-vins\">en savoir plus<\/a><\/span><\/p>\n<hr \/>\n<p><span style=\"color: #ffffff;\"> <a style=\"color: #ffffff;\" href=\"http:\/\/www.tours-in-provence.com\/fr\/circuit-mediterranee\"><img loading=\"lazy\" decoding=\"async\" class=\"alignleft wp-image-4872\" src=\"http:\/\/www.tours-in-provence.com\/fr\/wp-content\/uploads\/sites\/9\/2016\/10\/cassis-sea-side-150x150.jpg\" alt=\"cassis-mer\" width=\"100\" height=\"75\" srcset=\"https:\/\/www.tours-in-provence.com\/fr\/wp-content\/uploads\/sites\/9\/2016\/10\/cassis-sea-side-300x225.jpg 300w, https:\/\/www.tours-in-provence.com\/fr\/wp-content\/uploads\/sites\/9\/2016\/10\/cassis-sea-side-768x576.jpg 768w, https:\/\/www.tours-in-provence.com\/fr\/wp-content\/uploads\/sites\/9\/2016\/10\/cassis-sea-side-1024x768.jpg 1024w, https:\/\/www.tours-in-provence.com\/fr\/wp-content\/uploads\/sites\/9\/2016\/10\/cassis-sea-side.jpg 1038w\" sizes=\"auto, (max-width: 100px) 100vw, 100px\" \/><\/a><strong>Une journ\u00e9e sur la c\u00f4te mediterran\u00e9enne<br \/>\n<\/strong>Visite de Cassis et la m\u00e9tropole de Marseille &#8230;<br \/>\n+ <a style=\"color: #ffffff;\" href=\"http:\/\/www.tours-in-provence.com\/fr\/circuit-mediterranee\">en savoir plus<\/a><\/span><\/p>\n<hr \/>\n<p><span style=\"color: #ffffff;\"> <a style=\"color: #ffffff;\" href=\"http:\/\/www.tours-in-provence.com\/fr\/cezanne-paysages\"><img loading=\"lazy\" decoding=\"async\" class=\"alignleft wp-image-4910\" src=\"http:\/\/www.tours-in-provence.com\/fr\/wp-content\/uploads\/sites\/9\/2015\/07\/La-montagne-Sainte-Victoire-au-grand-pin-Vers-1887-huile-sur-toile-66-x-90-cm-Londres-Courtauld-Institute-Galleries-150x150.jpg\" alt=\"la-montagne-sainte-victoire\" width=\"100\" height=\"73\" srcset=\"https:\/\/www.tours-in-provence.com\/fr\/wp-content\/uploads\/sites\/9\/2015\/07\/La-montagne-Sainte-Victoire-au-grand-pin-Vers-1887-huile-sur-toile-66-x-90-cm-Londres-Courtauld-Institute-Galleries-300x220.jpg 300w, https:\/\/www.tours-in-provence.com\/fr\/wp-content\/uploads\/sites\/9\/2015\/07\/La-montagne-Sainte-Victoire-au-grand-pin-Vers-1887-huile-sur-toile-66-x-90-cm-Londres-Courtauld-Institute-Galleries-768x562.jpg 768w, https:\/\/www.tours-in-provence.com\/fr\/wp-content\/uploads\/sites\/9\/2015\/07\/La-montagne-Sainte-Victoire-au-grand-pin-Vers-1887-huile-sur-toile-66-x-90-cm-Londres-Courtauld-Institute-Galleries.jpg 960w\" sizes=\"auto, (max-width: 100px) 100vw, 100px\" \/><\/a><strong>Les paysages de Paul Cezanne<br \/>\n<\/strong>Les paysages qui ont inspir\u00e9 le peintre connu dans le monde entier&#8230; + <a style=\"color: #ffffff;\" href=\"http:\/\/www.tours-in-provence.com\/fr\/cezanne-paysages\">en savoir plus<\/a><\/span><\/p>\n<hr \/>\n<p style=\"text-align: center;\"><span style=\"color: #ffffff;\">&#8230; <strong><a style=\"color: #ffffff;\" href=\"http:\/\/www.tours-in-provence.com\/fr\/circuit-individuel\">et bien d&rsquo;autres excursions encore<\/a><\/strong><\/span><\/p>\n<p><span style=\"color: #dd9933;\">.<\/span>[\/vc_column_text][\/vc_column][vc_column width=\u00a0\u00bb1\/3&Prime;][vc_row_inner][vc_column_inner][vc_cta h2=\u00a0\u00bbArles, St R\u00e9my et Van Gogh\u00a0\u00bb style=\u00a0\u00bb3d\u00a0\u00bb add_button=\u00a0\u00bbbottom\u00a0\u00bb btn_title=\u00a0\u00bbTARIFS &#8211; RESERVATIONS\u00a0\u00bb btn_color=\u00a0\u00bbwarning\u00a0\u00bb btn_align=\u00a0\u00bbcenter\u00a0\u00bb add_icon=\u00a0\u00bbtop\u00a0\u00bb i_icon_fontawesome=\u00a0\u00bbfa fa-info\u00a0\u00bb i_color=\u00a0\u00bborange\u00a0\u00bb i_background_style=\u00a0\u00bbboxed\u00a0\u00bb i_background_color=\u00a0\u00bbwhite\u00a0\u00bb i_on_border=\u00a0\u00bbtrue\u00a0\u00bb btn_link=\u00a0\u00bburl:http%3A%2F%2Fwww.tours-in-provence.com%2Ffr%2Freservation-circuit-provence||\u00a0\u00bb btn_button_block=\u00a0\u00bbtrue\u00a0\u00bb btn_add_icon=\u00a0\u00bbtrue\u00a0\u00bb]<\/p>\n<h3>Circuit d&rsquo;une journ\u00e9e<\/h3>\n<p>Pour ce circuit, je viendrai vous chercher sur votre lieu de r\u00e9sidence ou \u00e0 votre bateau.<\/p>\n<p>D\u00e9part 9h15 . Retour vers16h<\/p>\n<p><a href=\"http:\/\/www.tours-in-provence.com\/fr\/contact\">Prenez contact avec nous pour conna\u00eetre les disponibilit\u00e9s<\/a>[\/vc_cta][\/vc_column_inner][\/vc_row_inner][\/vc_column][vc_column width=\u00a0\u00bb1\/3&Prime;][vc_single_image image=\u00a0\u00bb4344&Prime; img_size=\u00a0\u00bbmedium\u00a0\u00bb alignment=\u00a0\u00bbcenter\u00a0\u00bb onclick=\u00a0\u00bbcustom_link\u00a0\u00bb link=\u00a0\u00bbhttp:\/\/www.tours-in-provence.com\/fr\/guide-circuit-individuel\u00a0\u00bb][vc_empty_space][vc_column_text]<\/p>\n<h3>Une autre question ?<\/h3>\n<p>[\/vc_column_text][vc_tta_accordion color=\u00a0\u00bbgreen\u00a0\u00bb active_section=\u00a0\u00bb\u00a0\u00bb collapsible_all=\u00a0\u00bbtrue\u00a0\u00bb][vc_tta_section title=\u00a0\u00bbLaissez un message !\u00a0\u00bb tab_id=\u00a0\u00bb1463497319728-7ab31417-69ae\u00a0\u00bb][vc_column_text]\n<div class=\"wpcf7 no-js\" id=\"wpcf7-f4377-o1\" lang=\"fr-FR\" dir=\"ltr\" data-wpcf7-id=\"4377\">\n<div class=\"screen-reader-response\"><p role=\"status\" aria-live=\"polite\" aria-atomic=\"true\"><\/p> <ul><\/ul><\/div>\n<form action=\"\/fr\/wp-json\/wp\/v2\/pages\/4838#wpcf7-f4377-o1\" method=\"post\" class=\"wpcf7-form init\" aria-label=\"Formulaire de contact\" novalidate=\"novalidate\" data-status=\"init\">\n<fieldset class=\"hidden-fields-container\"><input type=\"hidden\" name=\"_wpcf7\" value=\"4377\" \/><input type=\"hidden\" name=\"_wpcf7_version\" value=\"6.1.5\" \/><input type=\"hidden\" name=\"_wpcf7_locale\" value=\"fr_FR\" \/><input type=\"hidden\" name=\"_wpcf7_unit_tag\" value=\"wpcf7-f4377-o1\" \/><input type=\"hidden\" name=\"_wpcf7_container_post\" value=\"0\" \/><input type=\"hidden\" name=\"_wpcf7_posted_data_hash\" value=\"\" \/><input type=\"hidden\" name=\"_wpcf7_recaptcha_response\" value=\"\" \/>\n<\/fieldset>\n<p>Nom*\n<\/p>\n<p><span class=\"wpcf7-form-control-wrap\" data-name=\"your-name\"><input size=\"40\" maxlength=\"400\" class=\"wpcf7-form-control wpcf7-text wpcf7-validates-as-required\" aria-required=\"true\" aria-invalid=\"false\" value=\"\" type=\"text\" name=\"your-name\" \/><\/span>\n<\/p>\n<p>E-mail*\n<\/p>\n<p><span class=\"wpcf7-form-control-wrap\" data-name=\"your-email\"><input size=\"40\" maxlength=\"400\" class=\"wpcf7-form-control wpcf7-email wpcf7-validates-as-required wpcf7-text wpcf7-validates-as-email\" aria-required=\"true\" aria-invalid=\"false\" value=\"\" type=\"email\" name=\"your-email\" \/><\/span>\n<\/p>\n<p>Objet*\n<\/p>\n<p><span class=\"wpcf7-form-control-wrap\" data-name=\"your-subject\"><input size=\"40\" maxlength=\"400\" class=\"wpcf7-form-control wpcf7-text wpcf7-validates-as-required\" aria-required=\"true\" aria-invalid=\"false\" value=\"\" type=\"text\" name=\"your-subject\" \/><\/span>\n<\/p>\n<p>Message\n<\/p>\n<p><span class=\"wpcf7-form-control-wrap\" data-name=\"your-message\"><textarea cols=\"40\" rows=\"10\" maxlength=\"2000\" class=\"wpcf7-form-control wpcf7-textarea\" aria-invalid=\"false\" name=\"your-message\"><\/textarea><\/span>\n<\/p>\n<p><input class=\"wpcf7-form-control wpcf7-submit has-spinner\" type=\"submit\" value=\"Envoyer\" \/>\n<\/p><div class=\"wpcf7-response-output\" aria-hidden=\"true\"><\/div>\n<\/form>\n<\/div>\n[\/vc_column_text][\/vc_tta_section][\/vc_tta_accordion][\/vc_column][\/vc_row]<\/p>\n","protected":false},"excerpt":{"rendered":"<p>[vc_row][vc_column width=\u00a0\u00bb1\/2&Prime;][vc_empty_space height=\u00a0\u00bb15px\u00a0\u00bb][rev_slider_vc alias=\u00a0\u00bbvan-gogh\u00a0\u00bb][vc_empty_space height=\u00a0\u00bb15px\u00a0\u00bb][vc_row_inner content_placement=\u00a0\u00bbmiddle\u00a0\u00bb css=\u00a0\u00bb.vc_custom_1464118205599{padding-left: 5px !important;}\u00a0\u00bb][vc_column_inner width=\u00a0\u00bb1\/2&Prime;][vc_single_image image=\u00a0\u00bb4591&Prime; img_size=\u00a0\u00bbmedium\u00a0\u00bb alignment=\u00a0\u00bbcenter\u00a0\u00bb style=\u00a0\u00bbvc_box_shadow\u00a0\u00bb onclick=\u00a0\u00bbimg_link_large\u00a0\u00bb img_link_target=\u00a0\u00bb_blank\u00a0\u00bb][\/vc_column_inner][vc_column_inner width=\u00a0\u00bb1\/2&Prime;][vc_message message_box_style=\u00a0\u00bb3d\u00a0\u00bb message_box_color=\u00a0\u00bbblue\u00a0\u00bb icon_fontawesome=\u00a0\u00bbfa fa-camera-retro\u00a0\u00bb]Pour plus de photos voir l&rsquo;album de C\u00e9cile[\/vc_message][vc_column_text] &gt; En savoir plus sur la Fondation\u00a0[\/vc_column_text][\/vc_column_inner][\/vc_row_inner][\/vc_column][vc_column width=\u00a0\u00bb1\/2&Prime;][vc_column_text] Sur les pas de Van Gogh ! Nous commencerons notre itin\u00e9raire avec la visite d\u2019Arles, o\u00f9 v\u00e9cu Vincent Van &#8230; <a class=\"excerpt-readmore\" href=\"https:\/\/www.tours-in-provence.com\/fr\/van-gogh-arles-st-remy\">Read More<\/a><\/p>\n","protected":false},"author":1,"featured_media":0,"parent":0,"menu_order":0,"comment_status":"closed","ping_status":"closed","template":"","meta":{"footnotes":""},"class_list":["post-4838","page","type-page","status-publish","hentry"],"yoast_head":"<!-- This site is optimized with the Yoast SEO plugin v26.9 - https:\/\/yoast.com\/product\/yoast-seo-wordpress\/ -->\n<title>Van Gogh, Arles, St Remy de Provence Circuit guid\u00e9 Voiture priv\u00e9e<\/title>\n<meta name=\"description\" content=\"Lors de son s\u00e9jour en Arles et St R\u00e9my de Provence, Van Gogh a cr\u00e9\u00e9 des \u0153uvres ma\u00eetresses comme La Nuit Etoil\u00e9e ou la Maison Jaune. Visite d&#039;une journ\u00e9e.\" \/>\n<meta name=\"robots\" content=\"index, nofollow, max-snippet:-1, max-image-preview:large, max-video-preview:-1\" \/>\n<link rel=\"canonical\" href=\"https:\/\/www.tours-in-provence.com\/fr\/van-gogh-arles-st-remy\" \/>\n<meta property=\"og:locale\" content=\"fr_FR\" \/>\n<meta property=\"og:type\" content=\"article\" \/>\n<meta property=\"og:title\" content=\"Van Gogh, Arles, St Remy de Provence Circuit guid\u00e9 Voiture priv\u00e9e\" \/>\n<meta property=\"og:description\" content=\"Lors de son s\u00e9jour en Arles et St R\u00e9my de Provence, Van Gogh a cr\u00e9\u00e9 des \u0153uvres ma\u00eetresses comme La Nuit Etoil\u00e9e ou la Maison Jaune. Visite d&#039;une journ\u00e9e.\" \/>\n<meta property=\"og:url\" content=\"https:\/\/www.tours-in-provence.com\/fr\/van-gogh-arles-st-remy\" \/>\n<meta property=\"og:site_name\" content=\"Circuits touristiques\" \/>\n<meta property=\"article:modified_time\" content=\"2016-11-22T19:42:38+00:00\" \/>\n<meta property=\"og:image\" content=\"https:\/\/www.tours-in-provence.com\/fr\/wp-content\/uploads\/sites\/9\/2016\/10\/logo-fondation-van-gogh.png\" \/>\n\t<meta property=\"og:image:width\" content=\"205\" \/>\n\t<meta property=\"og:image:height\" content=\"128\" \/>\n\t<meta property=\"og:image:type\" content=\"image\/png\" \/>\n<meta name=\"twitter:card\" content=\"summary_large_image\" \/>\n<meta name=\"twitter:label1\" content=\"Dur\u00e9e de lecture estim\u00e9e\" \/>\n\t<meta name=\"twitter:data1\" content=\"4 minutes\" \/>\n<script type=\"application\/ld+json\" class=\"yoast-schema-graph\">{\"@context\":\"https:\/\/schema.org\",\"@graph\":[{\"@type\":\"WebPage\",\"@id\":\"https:\/\/www.tours-in-provence.com\/fr\/van-gogh-arles-st-remy\",\"url\":\"https:\/\/www.tours-in-provence.com\/fr\/van-gogh-arles-st-remy\",\"name\":\"Van Gogh, Arles, St Remy de Provence Circuit guid\u00e9 Voiture priv\u00e9e\",\"isPartOf\":{\"@id\":\"https:\/\/www.tours-in-provence.com\/fr\/#website\"},\"primaryImageOfPage\":{\"@id\":\"https:\/\/www.tours-in-provence.com\/fr\/van-gogh-arles-st-remy#primaryimage\"},\"image\":{\"@id\":\"https:\/\/www.tours-in-provence.com\/fr\/van-gogh-arles-st-remy#primaryimage\"},\"thumbnailUrl\":\"http:\/\/www.tours-in-provence.com\/fr\/wp-content\/uploads\/sites\/9\/2016\/10\/logo-fondation-van-gogh.png\",\"datePublished\":\"2016-10-10T16:32:47+00:00\",\"dateModified\":\"2016-11-22T19:42:38+00:00\",\"description\":\"Lors de son s\u00e9jour en Arles et St R\u00e9my de Provence, Van Gogh a cr\u00e9\u00e9 des \u0153uvres ma\u00eetresses comme La Nuit Etoil\u00e9e ou la Maison Jaune. Visite d'une journ\u00e9e.\",\"breadcrumb\":{\"@id\":\"https:\/\/www.tours-in-provence.com\/fr\/van-gogh-arles-st-remy#breadcrumb\"},\"inLanguage\":\"fr-FR\",\"potentialAction\":[{\"@type\":\"ReadAction\",\"target\":[\"https:\/\/www.tours-in-provence.com\/fr\/van-gogh-arles-st-remy\"]}]},{\"@type\":\"ImageObject\",\"inLanguage\":\"fr-FR\",\"@id\":\"https:\/\/www.tours-in-provence.com\/fr\/van-gogh-arles-st-remy#primaryimage\",\"url\":\"http:\/\/www.tours-in-provence.com\/fr\/wp-content\/uploads\/sites\/9\/2016\/10\/logo-fondation-van-gogh.png\",\"contentUrl\":\"http:\/\/www.tours-in-provence.com\/fr\/wp-content\/uploads\/sites\/9\/2016\/10\/logo-fondation-van-gogh.png\"},{\"@type\":\"BreadcrumbList\",\"@id\":\"https:\/\/www.tours-in-provence.com\/fr\/van-gogh-arles-st-remy#breadcrumb\",\"itemListElement\":[{\"@type\":\"ListItem\",\"position\":1,\"name\":\"Accueil\",\"item\":\"https:\/\/www.tours-in-provence.com\/fr\/\"},{\"@type\":\"ListItem\",\"position\":2,\"name\":\"Vincent Van Gogh : Arles et St R\u00e9my de Provence\"}]},{\"@type\":\"WebSite\",\"@id\":\"https:\/\/www.tours-in-provence.com\/fr\/#website\",\"url\":\"https:\/\/www.tours-in-provence.com\/fr\/\",\"name\":\"Circuits touristiques\",\"description\":\"Circuits touristiques en toute libert\u00e9\",\"potentialAction\":[{\"@type\":\"SearchAction\",\"target\":{\"@type\":\"EntryPoint\",\"urlTemplate\":\"https:\/\/www.tours-in-provence.com\/fr\/?s={search_term_string}\"},\"query-input\":{\"@type\":\"PropertyValueSpecification\",\"valueRequired\":true,\"valueName\":\"search_term_string\"}}],\"inLanguage\":\"fr-FR\"}]}<\/script>\n<!-- \/ Yoast SEO plugin. -->","yoast_head_json":{"title":"Van Gogh, Arles, St Remy de Provence Circuit guid\u00e9 Voiture priv\u00e9e","description":"Lors de son s\u00e9jour en Arles et St R\u00e9my de Provence, Van Gogh a cr\u00e9\u00e9 des \u0153uvres ma\u00eetresses comme La Nuit Etoil\u00e9e ou la Maison Jaune. Visite d'une journ\u00e9e.","robots":{"index":"index","follow":"nofollow","max-snippet":"max-snippet:-1","max-image-preview":"max-image-preview:large","max-video-preview":"max-video-preview:-1"},"canonical":"https:\/\/www.tours-in-provence.com\/fr\/van-gogh-arles-st-remy","og_locale":"fr_FR","og_type":"article","og_title":"Van Gogh, Arles, St Remy de Provence Circuit guid\u00e9 Voiture priv\u00e9e","og_description":"Lors de son s\u00e9jour en Arles et St R\u00e9my de Provence, Van Gogh a cr\u00e9\u00e9 des \u0153uvres ma\u00eetresses comme La Nuit Etoil\u00e9e ou la Maison Jaune. Visite d'une journ\u00e9e.","og_url":"https:\/\/www.tours-in-provence.com\/fr\/van-gogh-arles-st-remy","og_site_name":"Circuits touristiques","article_modified_time":"2016-11-22T19:42:38+00:00","og_image":[{"width":205,"height":128,"url":"https:\/\/www.tours-in-provence.com\/fr\/wp-content\/uploads\/sites\/9\/2016\/10\/logo-fondation-van-gogh.png","type":"image\/png"}],"twitter_card":"summary_large_image","twitter_misc":{"Dur\u00e9e de lecture estim\u00e9e":"4 minutes"},"schema":{"@context":"https:\/\/schema.org","@graph":[{"@type":"WebPage","@id":"https:\/\/www.tours-in-provence.com\/fr\/van-gogh-arles-st-remy","url":"https:\/\/www.tours-in-provence.com\/fr\/van-gogh-arles-st-remy","name":"Van Gogh, Arles, St Remy de Provence Circuit guid\u00e9 Voiture priv\u00e9e","isPartOf":{"@id":"https:\/\/www.tours-in-provence.com\/fr\/#website"},"primaryImageOfPage":{"@id":"https:\/\/www.tours-in-provence.com\/fr\/van-gogh-arles-st-remy#primaryimage"},"image":{"@id":"https:\/\/www.tours-in-provence.com\/fr\/van-gogh-arles-st-remy#primaryimage"},"thumbnailUrl":"http:\/\/www.tours-in-provence.com\/fr\/wp-content\/uploads\/sites\/9\/2016\/10\/logo-fondation-van-gogh.png","datePublished":"2016-10-10T16:32:47+00:00","dateModified":"2016-11-22T19:42:38+00:00","description":"Lors de son s\u00e9jour en Arles et St R\u00e9my de Provence, Van Gogh a cr\u00e9\u00e9 des \u0153uvres ma\u00eetresses comme La Nuit Etoil\u00e9e ou la Maison Jaune. Visite d'une journ\u00e9e.","breadcrumb":{"@id":"https:\/\/www.tours-in-provence.com\/fr\/van-gogh-arles-st-remy#breadcrumb"},"inLanguage":"fr-FR","potentialAction":[{"@type":"ReadAction","target":["https:\/\/www.tours-in-provence.com\/fr\/van-gogh-arles-st-remy"]}]},{"@type":"ImageObject","inLanguage":"fr-FR","@id":"https:\/\/www.tours-in-provence.com\/fr\/van-gogh-arles-st-remy#primaryimage","url":"http:\/\/www.tours-in-provence.com\/fr\/wp-content\/uploads\/sites\/9\/2016\/10\/logo-fondation-van-gogh.png","contentUrl":"http:\/\/www.tours-in-provence.com\/fr\/wp-content\/uploads\/sites\/9\/2016\/10\/logo-fondation-van-gogh.png"},{"@type":"BreadcrumbList","@id":"https:\/\/www.tours-in-provence.com\/fr\/van-gogh-arles-st-remy#breadcrumb","itemListElement":[{"@type":"ListItem","position":1,"name":"Accueil","item":"https:\/\/www.tours-in-provence.com\/fr\/"},{"@type":"ListItem","position":2,"name":"Vincent Van Gogh : Arles et St R\u00e9my de Provence"}]},{"@type":"WebSite","@id":"https:\/\/www.tours-in-provence.com\/fr\/#website","url":"https:\/\/www.tours-in-provence.com\/fr\/","name":"Circuits touristiques","description":"Circuits touristiques en toute libert\u00e9","potentialAction":[{"@type":"SearchAction","target":{"@type":"EntryPoint","urlTemplate":"https:\/\/www.tours-in-provence.com\/fr\/?s={search_term_string}"},"query-input":{"@type":"PropertyValueSpecification","valueRequired":true,"valueName":"search_term_string"}}],"inLanguage":"fr-FR"}]}},"_links":{"self":[{"href":"https:\/\/www.tours-in-provence.com\/fr\/wp-json\/wp\/v2\/pages\/4838","targetHints":{"allow":["GET"]}}],"collection":[{"href":"https:\/\/www.tours-in-provence.com\/fr\/wp-json\/wp\/v2\/pages"}],"about":[{"href":"https:\/\/www.tours-in-provence.com\/fr\/wp-json\/wp\/v2\/types\/page"}],"author":[{"embeddable":true,"href":"https:\/\/www.tours-in-provence.com\/fr\/wp-json\/wp\/v2\/users\/1"}],"replies":[{"embeddable":true,"href":"https:\/\/www.tours-in-provence.com\/fr\/wp-json\/wp\/v2\/comments?post=4838"}],"version-history":[{"count":0,"href":"https:\/\/www.tours-in-provence.com\/fr\/wp-json\/wp\/v2\/pages\/4838\/revisions"}],"wp:attachment":[{"href":"https:\/\/www.tours-in-provence.com\/fr\/wp-json\/wp\/v2\/media?parent=4838"}],"curies":[{"name":"wp","href":"https:\/\/api.w.org\/{rel}","templated":true}]}}