{"id":4901,"date":"2016-10-12T10:41:19","date_gmt":"2016-10-12T08:41:19","guid":{"rendered":"http:\/\/www.tours-in-provence.com\/fr\/circuits-luberon-copy"},"modified":"2016-11-22T20:39:30","modified_gmt":"2016-11-22T19:39:30","slug":"circuit-luberon","status":"publish","type":"page","link":"https:\/\/www.tours-in-provence.com\/fr\/circuit-luberon","title":{"rendered":"Luberon"},"content":{"rendered":"<p>[vc_row][vc_column width=\u00a0\u00bb1\/2&Prime;][vc_empty_space height=\u00a0\u00bb15px\u00a0\u00bb][rev_slider_vc alias=\u00a0\u00bbluberon-ptt\u00a0\u00bb][vc_empty_space height=\u00a0\u00bb15px\u00a0\u00bb][vc_row_inner content_placement=\u00a0\u00bbmiddle\u00a0\u00bb css=\u00a0\u00bb.vc_custom_1464118205599{padding-left: 5px !important;}\u00a0\u00bb][vc_column_inner width=\u00a0\u00bb1\/2&Prime;][vc_single_image image=\u00a0\u00bb4591&Prime; img_size=\u00a0\u00bbmedium\u00a0\u00bb alignment=\u00a0\u00bbcenter\u00a0\u00bb style=\u00a0\u00bbvc_box_shadow\u00a0\u00bb onclick=\u00a0\u00bbimg_link_large\u00a0\u00bb img_link_target=\u00a0\u00bb_blank\u00a0\u00bb][\/vc_column_inner][vc_column_inner width=\u00a0\u00bb1\/2&Prime;][vc_message message_box_style=\u00a0\u00bb3d\u00a0\u00bb message_box_color=\u00a0\u00bbblue\u00a0\u00bb icon_fontawesome=\u00a0\u00bbfa fa-camera-retro\u00a0\u00bb]<span style=\"color: #333333;\"><a style=\"color: #333333;\" href=\"http:\/\/www.tours-in-provence.com\/fr\/album-photos\">Pour plus de photos voir l&rsquo;album de C\u00e9cile<\/a><\/span>[\/vc_message][\/vc_column_inner][\/vc_row_inner][\/vc_column][vc_column width=\u00a0\u00bb1\/2&Prime;][vc_column_text]<\/p>\n<h3>Le Luberon et ses plus beaux villages<\/h3>\n<p><span style=\"color: #000000;\">Cette r\u00e9gion situ\u00e9e entre les Alpes et la M\u00e9diterran\u00e9e offre une grande diversit\u00e9 de paysages.<\/span><br \/>\n<span style=\"color: #000000;\">Le village de <strong>Lourmarin<\/strong> et son ch\u00e2teau, construit au XV\u00e8me si\u00e8cle puis agrandi \u00e0 la Renaissance seront notre premi\u00e8re \u00e9tape.<\/span><br \/>\n<span style=\"color: #000000;\">Puis par le chemin des gorges d\u2019Aigue Brun, nous traverserons la montagne du Luberon, pour arriver au village de <strong>Bonnieux<\/strong> et d\u00e9couvrir depuis ses remparts un panorama exceptionnel sur la vall\u00e9e du Calavon. Au loin les villages de Gordes et de Roussillon, accroch\u00e9s sur les Monts du Vaucluse, sont les \u00e9tapes suivantes.<\/span><\/p>\n<p><span style=\"color: #000000;\">Apr\u00e8s le d\u00e9jeuner \u00e0 <strong>Gordes<\/strong>, d\u00e9couverte de ce magnifique village, qui a accueillis de nombreux artistes comme le peintre Vasarely et le photographe <em>Willy Ronis<\/em>.<\/span><\/p>\n<p><span style=\"color: #000000;\"><strong>L\u2019abbaye de S\u00e9nanque<\/strong> : les champs de lavandes cultiv\u00e9s autour offrent un remarquable contraste avec le style cistercien.<\/span><br \/>\n<span style=\"color: #000000;\">L\u2019abbaye fut construite au XII\u00e8me si\u00e8cle. Elle est d\u2019une grande sobri\u00e9t\u00e9, aujourd\u2019hui class\u00e9e aux Monuments Historiques.<\/span><br \/>\n<span style=\"color: #000000;\">Une visite guid\u00e9e vous permettra de d\u00e9couvrir le clo\u00eetre et l\u2019\u00e9glise abbatiale.<\/span><\/p>\n<p><span style=\"color: #000000;\"><strong>Les bories<\/strong> construction en pierres s\u00e8ches, abris rustiques pour les bergers, font partie des paysages du Luberon.<\/span><\/p>\n<p><span style=\"color: #000000;\">Le Village de <strong>Roussillon<\/strong> construit au sommet d\u2019une colline dont les terres ont \u00e9t\u00e9 exploit\u00e9es pour leurs <strong>ocres<\/strong>. Ces anciennes carri\u00e8res ont fa\u00e7onn\u00e9 un paysage fantastique aux <strong>couleurs saisissantes<\/strong>, des parcours y ont \u00e9t\u00e9 am\u00e9nag\u00e9s.<\/span><br \/>\n<span style=\"color: #000000;\">Notre journ\u00e9e dans le Luberon se conclura sur ces belles couleurs.<\/span>[\/vc_column_text][vc_empty_space height=\u00a0\u00bb15px\u00a0\u00bb][vc_row_inner][vc_column_inner width=\u00a0\u00bb1\/3&Prime;][\/vc_column_inner][vc_column_inner width=\u00a0\u00bb1\/3&Prime;][vc_btn title=\u00a0\u00bbTARIFS &amp; INFORMATIONS\u00a0\u00bb color=\u00a0\u00bbwarning\u00a0\u00bb align=\u00a0\u00bbcenter\u00a0\u00bb link=\u00a0\u00bburl:http%3A%2F%2Fwww.tours-in-provence.com%2Ffr%2Freservation-circuit-provence||\u00a0\u00bb][\/vc_column_inner][vc_column_inner width=\u00a0\u00bb1\/3&Prime;][\/vc_column_inner][\/vc_row_inner][\/vc_column][\/vc_row][vc_row css=\u00a0\u00bb.vc_custom_1463128062500{background-color: #dd9933 !important;}\u00a0\u00bb][vc_column width=\u00a0\u00bb1\/3&Prime;][vc_empty_space height=\u00a0\u00bb5px\u00a0\u00bb][vc_column_text]<\/p>\n<h3><span style=\"color: #ffffff;\">Id\u00e9es de Circuits \u00e0 la Carte<\/span><\/h3>\n<hr \/>\n<p><span style=\"color: #ffffff;\"> <a style=\"color: #ffffff;\" href=\"http:\/\/www.tours-in-provence.com\/fr\/vins\"><img loading=\"lazy\" decoding=\"async\" class=\"alignleft wp-image-4779\" src=\"http:\/\/www.tours-in-provence.com\/fr\/wp-content\/uploads\/sites\/9\/2016\/06\/vignoble-150x150.jpg\" alt=\"vins\" width=\"100\" height=\"66\" srcset=\"https:\/\/www.tours-in-provence.com\/fr\/wp-content\/uploads\/sites\/9\/2016\/06\/vignoble-300x199.jpg 300w, https:\/\/www.tours-in-provence.com\/fr\/wp-content\/uploads\/sites\/9\/2016\/06\/vignoble-768x510.jpg 768w, https:\/\/www.tours-in-provence.com\/fr\/wp-content\/uploads\/sites\/9\/2016\/06\/vignoble-1024x680.jpg 1024w, https:\/\/www.tours-in-provence.com\/fr\/wp-content\/uploads\/sites\/9\/2016\/06\/vignoble.jpg 2000w\" sizes=\"auto, (max-width: 100px) 100vw, 100px\" \/><\/a><strong>Vins de Provence<br \/>\n<\/strong>Circuit des vignobles. D\u00e9gustation de vins Ros\u00e9 &#8230;<br \/>\n+ <a style=\"color: #ffffff;\" href=\"http:\/\/www.tours-in-provence.com\/fr\/vins\">en savoir plus<\/a><\/span><\/p>\n<hr \/>\n<p><span style=\"color: #ffffff;\"> <a style=\"color: #ffffff;\" href=\"http:\/\/www.tours-in-provence.com\/fr\/circuit-mediterranee\"><img loading=\"lazy\" decoding=\"async\" class=\"alignleft wp-image-4872\" src=\"http:\/\/www.tours-in-provence.com\/fr\/wp-content\/uploads\/sites\/9\/2016\/10\/cassis-sea-side-150x150.jpg\" alt=\"cassis-mer\" width=\"100\" height=\"75\" srcset=\"https:\/\/www.tours-in-provence.com\/fr\/wp-content\/uploads\/sites\/9\/2016\/10\/cassis-sea-side-300x225.jpg 300w, https:\/\/www.tours-in-provence.com\/fr\/wp-content\/uploads\/sites\/9\/2016\/10\/cassis-sea-side-768x576.jpg 768w, https:\/\/www.tours-in-provence.com\/fr\/wp-content\/uploads\/sites\/9\/2016\/10\/cassis-sea-side-1024x768.jpg 1024w, https:\/\/www.tours-in-provence.com\/fr\/wp-content\/uploads\/sites\/9\/2016\/10\/cassis-sea-side.jpg 1038w\" sizes=\"auto, (max-width: 100px) 100vw, 100px\" \/><\/a><strong>Une journ\u00e9e sur la c\u00f4te mediterran\u00e9enne<br \/>\n<\/strong>Visite de Cassis et la m\u00e9tropole de Marseille &#8230;<br \/>\n+ <a style=\"color: #ffffff;\" href=\"http:\/\/www.tours-in-provence.com\/fr\/circuit-mediterranee\">en savoir plus<\/a><\/span><\/p>\n<hr \/>\n<p><span style=\"color: #ffffff;\"> <a style=\"color: #ffffff;\" href=\"http:\/\/www.tours-in-provence.com\/fr\/van-gogh-arles-st-remy\"><img loading=\"lazy\" decoding=\"async\" class=\"alignleft wp-image-4980\" src=\"http:\/\/www.tours-in-provence.com\/fr\/wp-content\/uploads\/sites\/9\/2016\/10\/van-gogh-la-moisson-gd-150x150.jpg\" alt=\"van-gogh-la-moisson\" width=\"100\" height=\"66\" srcset=\"https:\/\/www.tours-in-provence.com\/fr\/wp-content\/uploads\/sites\/9\/2016\/10\/van-gogh-la-moisson-gd-300x199.jpg 300w, https:\/\/www.tours-in-provence.com\/fr\/wp-content\/uploads\/sites\/9\/2016\/10\/van-gogh-la-moisson-gd-768x510.jpg 768w, https:\/\/www.tours-in-provence.com\/fr\/wp-content\/uploads\/sites\/9\/2016\/10\/van-gogh-la-moisson-gd-1024x680.jpg 1024w, https:\/\/www.tours-in-provence.com\/fr\/wp-content\/uploads\/sites\/9\/2016\/10\/van-gogh-la-moisson-gd.jpg 2000w\" sizes=\"auto, (max-width: 100px) 100vw, 100px\" \/><\/a><strong> Van Gogh Arles St R\u00e9my<br \/>\n<\/strong>A Arles rt St R\u00e9my, Van Gogh a peint des oeuvres ma\u00eetresses &#8230; + <a style=\"color: #ffffff;\" href=\"http:\/\/www.tours-in-provence.com\/fr\/van-gogh-arles-st-remy\">en savoir plus<\/a><\/span><\/p>\n<hr \/>\n<p><span style=\"color: #ffffff;\"> <a style=\"color: #ffffff;\" href=\"http:\/\/www.tours-in-provence.com\/fr\/cezanne-paysages\"><img loading=\"lazy\" decoding=\"async\" class=\"alignleft wp-image-4910\" src=\"http:\/\/www.tours-in-provence.com\/fr\/wp-content\/uploads\/sites\/9\/2015\/07\/La-montagne-Sainte-Victoire-au-grand-pin-Vers-1887-huile-sur-toile-66-x-90-cm-Londres-Courtauld-Institute-Galleries-150x150.jpg\" alt=\"la-montagne-sainte-victoire\" width=\"100\" height=\"73\" srcset=\"https:\/\/www.tours-in-provence.com\/fr\/wp-content\/uploads\/sites\/9\/2015\/07\/La-montagne-Sainte-Victoire-au-grand-pin-Vers-1887-huile-sur-toile-66-x-90-cm-Londres-Courtauld-Institute-Galleries-300x220.jpg 300w, https:\/\/www.tours-in-provence.com\/fr\/wp-content\/uploads\/sites\/9\/2015\/07\/La-montagne-Sainte-Victoire-au-grand-pin-Vers-1887-huile-sur-toile-66-x-90-cm-Londres-Courtauld-Institute-Galleries-768x562.jpg 768w, https:\/\/www.tours-in-provence.com\/fr\/wp-content\/uploads\/sites\/9\/2015\/07\/La-montagne-Sainte-Victoire-au-grand-pin-Vers-1887-huile-sur-toile-66-x-90-cm-Londres-Courtauld-Institute-Galleries.jpg 960w\" sizes=\"auto, (max-width: 100px) 100vw, 100px\" \/><\/a><strong>Les paysages de Paul Cezanne<br \/>\n<\/strong>Les paysages qui ont inspir\u00e9 le peintre connu dans le monde entier&#8230; + <a style=\"color: #ffffff;\" href=\"http:\/\/www.tours-in-provence.com\/fr\/cezanne-paysages\">en savoir plus<\/a><\/span><\/p>\n<hr \/>\n<p style=\"text-align: center;\"><span style=\"color: #ffffff;\">&#8230; <strong><a style=\"color: #ffffff;\" href=\"http:\/\/www.tours-in-provence.com\/fr\/circuit-individuel\">et bien d&rsquo;autres excursions encore<\/a><\/strong><\/span><\/p>\n<p><span style=\"color: #dd9933;\">.<\/span>[\/vc_column_text][\/vc_column][vc_column width=\u00a0\u00bb1\/3&Prime;][vc_row_inner][vc_column_inner][vc_cta h2=\u00a0\u00bbParc Naturel R\u00e9gional du Luberon\u00a0\u00bb style=\u00a0\u00bb3d\u00a0\u00bb add_button=\u00a0\u00bbbottom\u00a0\u00bb btn_title=\u00a0\u00bbTARIFS &#8211; RESERVATIONS\u00a0\u00bb btn_color=\u00a0\u00bbwarning\u00a0\u00bb btn_align=\u00a0\u00bbcenter\u00a0\u00bb add_icon=\u00a0\u00bbtop\u00a0\u00bb i_icon_fontawesome=\u00a0\u00bbfa fa-info\u00a0\u00bb i_color=\u00a0\u00bborange\u00a0\u00bb i_background_style=\u00a0\u00bbboxed\u00a0\u00bb i_background_color=\u00a0\u00bbwhite\u00a0\u00bb i_on_border=\u00a0\u00bbtrue\u00a0\u00bb btn_link=\u00a0\u00bburl:http%3A%2F%2Fwww.tours-in-provence.com%2Ffr%2Freservation-circuit-provence||\u00a0\u00bb btn_button_block=\u00a0\u00bbtrue\u00a0\u00bb btn_add_icon=\u00a0\u00bbtrue\u00a0\u00bb]<\/p>\n<h3>Circuit d&rsquo;une journ\u00e9e<\/h3>\n<p><span class=\"Style1\"><strong>D\u00e9part<\/strong><\/span> pour cette journ\u00e9e \u00e0 travers les paysages du Luberon 9h15 <span class=\"Style1\"><strong>Retour<\/strong><\/span> vers 16h.<br \/>\nLe d\u00e9jeuner aux alentours de Gordes dans un des restaurants s\u00e9lectionn\u00e9 avec vous, lors de votre r\u00e9servation, nous vous adresserons une liste de restaurants.<\/p>\n<p>Les entr\u00e9es et les repas ne sont pas inclus dans le prix de la journ\u00e9e.<\/p>\n<p><a href=\"http:\/\/www.tours-in-provence.com\/fr\/contact\">Prenez contact avec nous pour conna\u00eetre les disponibilit\u00e9s<\/a>[\/vc_cta][\/vc_column_inner][\/vc_row_inner][\/vc_column][vc_column width=\u00a0\u00bb1\/3&Prime;][vc_single_image image=\u00a0\u00bb4344&Prime; img_size=\u00a0\u00bbmedium\u00a0\u00bb alignment=\u00a0\u00bbcenter\u00a0\u00bb onclick=\u00a0\u00bbcustom_link\u00a0\u00bb link=\u00a0\u00bbhttp:\/\/www.tours-in-provence.com\/fr\/guide-circuit-individuel\u00a0\u00bb][vc_empty_space][vc_column_text]<\/p>\n<h3>Une autre question ?<\/h3>\n<p>[\/vc_column_text][vc_tta_accordion color=\u00a0\u00bbgreen\u00a0\u00bb active_section=\u00a0\u00bb\u00a0\u00bb collapsible_all=\u00a0\u00bbtrue\u00a0\u00bb][vc_tta_section title=\u00a0\u00bbLaissez un message !\u00a0\u00bb tab_id=\u00a0\u00bb1463497319728-7ab31417-69ae\u00a0\u00bb][vc_column_text]\n<div class=\"wpcf7 no-js\" id=\"wpcf7-f4377-o1\" lang=\"fr-FR\" dir=\"ltr\" data-wpcf7-id=\"4377\">\n<div class=\"screen-reader-response\"><p role=\"status\" aria-live=\"polite\" aria-atomic=\"true\"><\/p> <ul><\/ul><\/div>\n<form action=\"\/fr\/wp-json\/wp\/v2\/pages\/4901#wpcf7-f4377-o1\" method=\"post\" class=\"wpcf7-form init\" aria-label=\"Formulaire de contact\" novalidate=\"novalidate\" data-status=\"init\">\n<fieldset class=\"hidden-fields-container\"><input type=\"hidden\" name=\"_wpcf7\" value=\"4377\" \/><input type=\"hidden\" name=\"_wpcf7_version\" value=\"6.1.5\" \/><input type=\"hidden\" name=\"_wpcf7_locale\" value=\"fr_FR\" \/><input type=\"hidden\" name=\"_wpcf7_unit_tag\" value=\"wpcf7-f4377-o1\" \/><input type=\"hidden\" name=\"_wpcf7_container_post\" value=\"0\" \/><input type=\"hidden\" name=\"_wpcf7_posted_data_hash\" value=\"\" \/><input type=\"hidden\" name=\"_wpcf7_recaptcha_response\" value=\"\" \/>\n<\/fieldset>\n<p>Nom*\n<\/p>\n<p><span class=\"wpcf7-form-control-wrap\" data-name=\"your-name\"><input size=\"40\" maxlength=\"400\" class=\"wpcf7-form-control wpcf7-text wpcf7-validates-as-required\" aria-required=\"true\" aria-invalid=\"false\" value=\"\" type=\"text\" name=\"your-name\" \/><\/span>\n<\/p>\n<p>E-mail*\n<\/p>\n<p><span class=\"wpcf7-form-control-wrap\" data-name=\"your-email\"><input size=\"40\" maxlength=\"400\" class=\"wpcf7-form-control wpcf7-email wpcf7-validates-as-required wpcf7-text wpcf7-validates-as-email\" aria-required=\"true\" aria-invalid=\"false\" value=\"\" type=\"email\" name=\"your-email\" \/><\/span>\n<\/p>\n<p>Objet*\n<\/p>\n<p><span class=\"wpcf7-form-control-wrap\" data-name=\"your-subject\"><input size=\"40\" maxlength=\"400\" class=\"wpcf7-form-control wpcf7-text wpcf7-validates-as-required\" aria-required=\"true\" aria-invalid=\"false\" value=\"\" type=\"text\" name=\"your-subject\" \/><\/span>\n<\/p>\n<p>Message\n<\/p>\n<p><span class=\"wpcf7-form-control-wrap\" data-name=\"your-message\"><textarea cols=\"40\" rows=\"10\" maxlength=\"2000\" class=\"wpcf7-form-control wpcf7-textarea\" aria-invalid=\"false\" name=\"your-message\"><\/textarea><\/span>\n<\/p>\n<p><input class=\"wpcf7-form-control wpcf7-submit has-spinner\" type=\"submit\" value=\"Envoyer\" \/>\n<\/p><div class=\"wpcf7-response-output\" aria-hidden=\"true\"><\/div>\n<\/form>\n<\/div>\n[\/vc_column_text][\/vc_tta_section][\/vc_tta_accordion][\/vc_column][\/vc_row]<\/p>\n","protected":false},"excerpt":{"rendered":"<p>[vc_row][vc_column width=\u00a0\u00bb1\/2&Prime;][vc_empty_space height=\u00a0\u00bb15px\u00a0\u00bb][rev_slider_vc alias=\u00a0\u00bbluberon-ptt\u00a0\u00bb][vc_empty_space height=\u00a0\u00bb15px\u00a0\u00bb][vc_row_inner content_placement=\u00a0\u00bbmiddle\u00a0\u00bb css=\u00a0\u00bb.vc_custom_1464118205599{padding-left: 5px !important;}\u00a0\u00bb][vc_column_inner width=\u00a0\u00bb1\/2&Prime;][vc_single_image image=\u00a0\u00bb4591&Prime; img_size=\u00a0\u00bbmedium\u00a0\u00bb alignment=\u00a0\u00bbcenter\u00a0\u00bb style=\u00a0\u00bbvc_box_shadow\u00a0\u00bb onclick=\u00a0\u00bbimg_link_large\u00a0\u00bb img_link_target=\u00a0\u00bb_blank\u00a0\u00bb][\/vc_column_inner][vc_column_inner width=\u00a0\u00bb1\/2&Prime;][vc_message message_box_style=\u00a0\u00bb3d\u00a0\u00bb message_box_color=\u00a0\u00bbblue\u00a0\u00bb icon_fontawesome=\u00a0\u00bbfa fa-camera-retro\u00a0\u00bb]Pour plus de photos voir l&rsquo;album de C\u00e9cile[\/vc_message][\/vc_column_inner][\/vc_row_inner][\/vc_column][vc_column width=\u00a0\u00bb1\/2&Prime;][vc_column_text] Le Luberon et ses plus beaux villages Cette r\u00e9gion situ\u00e9e entre les Alpes et la M\u00e9diterran\u00e9e offre une grande diversit\u00e9 de paysages. Le village de Lourmarin &#8230; <a class=\"excerpt-readmore\" href=\"https:\/\/www.tours-in-provence.com\/fr\/circuit-luberon\">Read More<\/a><\/p>\n","protected":false},"author":1,"featured_media":0,"parent":0,"menu_order":0,"comment_status":"closed","ping_status":"closed","template":"","meta":{"footnotes":""},"class_list":["post-4901","page","type-page","status-publish","hentry"],"yoast_head":"<!-- This site is optimized with the Yoast SEO plugin v26.9 - https:\/\/yoast.com\/product\/yoast-seo-wordpress\/ -->\n<title>Luberon circuit individuel avec des villages prestigieux Gordes, Roussillon<\/title>\n<meta name=\"description\" content=\"Le Luberon circuit individuel avec des villages prestigieux Gordes, Roussillon, l&#039;abbaye de S\u00e9nanque bord\u00e9e de lavande en juin.\" \/>\n<meta name=\"robots\" content=\"index, follow, max-snippet:-1, max-image-preview:large, max-video-preview:-1\" \/>\n<link rel=\"canonical\" href=\"https:\/\/www.tours-in-provence.com\/fr\/circuit-luberon\" \/>\n<meta property=\"og:locale\" content=\"fr_FR\" \/>\n<meta property=\"og:type\" content=\"article\" \/>\n<meta property=\"og:title\" content=\"Luberon circuit individuel avec des villages prestigieux Gordes, Roussillon\" \/>\n<meta property=\"og:description\" content=\"Le Luberon circuit individuel avec des villages prestigieux Gordes, Roussillon, l&#039;abbaye de S\u00e9nanque bord\u00e9e de lavande en juin.\" \/>\n<meta property=\"og:url\" content=\"https:\/\/www.tours-in-provence.com\/fr\/circuit-luberon\" \/>\n<meta property=\"og:site_name\" content=\"Circuits touristiques\" \/>\n<meta property=\"article:modified_time\" content=\"2016-11-22T19:39:30+00:00\" \/>\n<meta property=\"og:image\" content=\"https:\/\/www.tours-in-provence.com\/fr\/wp-content\/uploads\/sites\/9\/2016\/06\/vignoble.jpg\" \/>\n\t<meta property=\"og:image:width\" content=\"2000\" \/>\n\t<meta property=\"og:image:height\" content=\"1328\" \/>\n\t<meta property=\"og:image:type\" content=\"image\/jpeg\" \/>\n<meta name=\"twitter:card\" content=\"summary_large_image\" \/>\n<meta name=\"twitter:label1\" content=\"Dur\u00e9e de lecture estim\u00e9e\" \/>\n\t<meta name=\"twitter:data1\" content=\"4 minutes\" \/>\n<script type=\"application\/ld+json\" class=\"yoast-schema-graph\">{\"@context\":\"https:\/\/schema.org\",\"@graph\":[{\"@type\":\"WebPage\",\"@id\":\"https:\/\/www.tours-in-provence.com\/fr\/circuit-luberon\",\"url\":\"https:\/\/www.tours-in-provence.com\/fr\/circuit-luberon\",\"name\":\"Luberon circuit individuel avec des villages prestigieux Gordes, Roussillon\",\"isPartOf\":{\"@id\":\"https:\/\/www.tours-in-provence.com\/fr\/#website\"},\"primaryImageOfPage\":{\"@id\":\"https:\/\/www.tours-in-provence.com\/fr\/circuit-luberon#primaryimage\"},\"image\":{\"@id\":\"https:\/\/www.tours-in-provence.com\/fr\/circuit-luberon#primaryimage\"},\"thumbnailUrl\":\"http:\/\/www.tours-in-provence.com\/fr\/wp-content\/uploads\/sites\/9\/2016\/06\/vignoble-150x150.jpg\",\"datePublished\":\"2016-10-12T08:41:19+00:00\",\"dateModified\":\"2016-11-22T19:39:30+00:00\",\"description\":\"Le Luberon circuit individuel avec des villages prestigieux Gordes, Roussillon, l'abbaye de S\u00e9nanque bord\u00e9e de lavande en juin.\",\"breadcrumb\":{\"@id\":\"https:\/\/www.tours-in-provence.com\/fr\/circuit-luberon#breadcrumb\"},\"inLanguage\":\"fr-FR\",\"potentialAction\":[{\"@type\":\"ReadAction\",\"target\":[\"https:\/\/www.tours-in-provence.com\/fr\/circuit-luberon\"]}]},{\"@type\":\"ImageObject\",\"inLanguage\":\"fr-FR\",\"@id\":\"https:\/\/www.tours-in-provence.com\/fr\/circuit-luberon#primaryimage\",\"url\":\"http:\/\/www.tours-in-provence.com\/fr\/wp-content\/uploads\/sites\/9\/2016\/06\/vignoble-150x150.jpg\",\"contentUrl\":\"http:\/\/www.tours-in-provence.com\/fr\/wp-content\/uploads\/sites\/9\/2016\/06\/vignoble-150x150.jpg\"},{\"@type\":\"BreadcrumbList\",\"@id\":\"https:\/\/www.tours-in-provence.com\/fr\/circuit-luberon#breadcrumb\",\"itemListElement\":[{\"@type\":\"ListItem\",\"position\":1,\"name\":\"Accueil\",\"item\":\"https:\/\/www.tours-in-provence.com\/fr\/\"},{\"@type\":\"ListItem\",\"position\":2,\"name\":\"Luberon\"}]},{\"@type\":\"WebSite\",\"@id\":\"https:\/\/www.tours-in-provence.com\/fr\/#website\",\"url\":\"https:\/\/www.tours-in-provence.com\/fr\/\",\"name\":\"Circuits touristiques\",\"description\":\"Circuits touristiques en toute libert\u00e9\",\"potentialAction\":[{\"@type\":\"SearchAction\",\"target\":{\"@type\":\"EntryPoint\",\"urlTemplate\":\"https:\/\/www.tours-in-provence.com\/fr\/?s={search_term_string}\"},\"query-input\":{\"@type\":\"PropertyValueSpecification\",\"valueRequired\":true,\"valueName\":\"search_term_string\"}}],\"inLanguage\":\"fr-FR\"}]}<\/script>\n<!-- \/ Yoast SEO plugin. -->","yoast_head_json":{"title":"Luberon circuit individuel avec des villages prestigieux Gordes, Roussillon","description":"Le Luberon circuit individuel avec des villages prestigieux Gordes, Roussillon, l'abbaye de S\u00e9nanque bord\u00e9e de lavande en juin.","robots":{"index":"index","follow":"follow","max-snippet":"max-snippet:-1","max-image-preview":"max-image-preview:large","max-video-preview":"max-video-preview:-1"},"canonical":"https:\/\/www.tours-in-provence.com\/fr\/circuit-luberon","og_locale":"fr_FR","og_type":"article","og_title":"Luberon circuit individuel avec des villages prestigieux Gordes, Roussillon","og_description":"Le Luberon circuit individuel avec des villages prestigieux Gordes, Roussillon, l'abbaye de S\u00e9nanque bord\u00e9e de lavande en juin.","og_url":"https:\/\/www.tours-in-provence.com\/fr\/circuit-luberon","og_site_name":"Circuits touristiques","article_modified_time":"2016-11-22T19:39:30+00:00","og_image":[{"width":2000,"height":1328,"url":"https:\/\/www.tours-in-provence.com\/fr\/wp-content\/uploads\/sites\/9\/2016\/06\/vignoble.jpg","type":"image\/jpeg"}],"twitter_card":"summary_large_image","twitter_misc":{"Dur\u00e9e de lecture estim\u00e9e":"4 minutes"},"schema":{"@context":"https:\/\/schema.org","@graph":[{"@type":"WebPage","@id":"https:\/\/www.tours-in-provence.com\/fr\/circuit-luberon","url":"https:\/\/www.tours-in-provence.com\/fr\/circuit-luberon","name":"Luberon circuit individuel avec des villages prestigieux Gordes, Roussillon","isPartOf":{"@id":"https:\/\/www.tours-in-provence.com\/fr\/#website"},"primaryImageOfPage":{"@id":"https:\/\/www.tours-in-provence.com\/fr\/circuit-luberon#primaryimage"},"image":{"@id":"https:\/\/www.tours-in-provence.com\/fr\/circuit-luberon#primaryimage"},"thumbnailUrl":"http:\/\/www.tours-in-provence.com\/fr\/wp-content\/uploads\/sites\/9\/2016\/06\/vignoble-150x150.jpg","datePublished":"2016-10-12T08:41:19+00:00","dateModified":"2016-11-22T19:39:30+00:00","description":"Le Luberon circuit individuel avec des villages prestigieux Gordes, Roussillon, l'abbaye de S\u00e9nanque bord\u00e9e de lavande en juin.","breadcrumb":{"@id":"https:\/\/www.tours-in-provence.com\/fr\/circuit-luberon#breadcrumb"},"inLanguage":"fr-FR","potentialAction":[{"@type":"ReadAction","target":["https:\/\/www.tours-in-provence.com\/fr\/circuit-luberon"]}]},{"@type":"ImageObject","inLanguage":"fr-FR","@id":"https:\/\/www.tours-in-provence.com\/fr\/circuit-luberon#primaryimage","url":"http:\/\/www.tours-in-provence.com\/fr\/wp-content\/uploads\/sites\/9\/2016\/06\/vignoble-150x150.jpg","contentUrl":"http:\/\/www.tours-in-provence.com\/fr\/wp-content\/uploads\/sites\/9\/2016\/06\/vignoble-150x150.jpg"},{"@type":"BreadcrumbList","@id":"https:\/\/www.tours-in-provence.com\/fr\/circuit-luberon#breadcrumb","itemListElement":[{"@type":"ListItem","position":1,"name":"Accueil","item":"https:\/\/www.tours-in-provence.com\/fr\/"},{"@type":"ListItem","position":2,"name":"Luberon"}]},{"@type":"WebSite","@id":"https:\/\/www.tours-in-provence.com\/fr\/#website","url":"https:\/\/www.tours-in-provence.com\/fr\/","name":"Circuits touristiques","description":"Circuits touristiques en toute libert\u00e9","potentialAction":[{"@type":"SearchAction","target":{"@type":"EntryPoint","urlTemplate":"https:\/\/www.tours-in-provence.com\/fr\/?s={search_term_string}"},"query-input":{"@type":"PropertyValueSpecification","valueRequired":true,"valueName":"search_term_string"}}],"inLanguage":"fr-FR"}]}},"_links":{"self":[{"href":"https:\/\/www.tours-in-provence.com\/fr\/wp-json\/wp\/v2\/pages\/4901","targetHints":{"allow":["GET"]}}],"collection":[{"href":"https:\/\/www.tours-in-provence.com\/fr\/wp-json\/wp\/v2\/pages"}],"about":[{"href":"https:\/\/www.tours-in-provence.com\/fr\/wp-json\/wp\/v2\/types\/page"}],"author":[{"embeddable":true,"href":"https:\/\/www.tours-in-provence.com\/fr\/wp-json\/wp\/v2\/users\/1"}],"replies":[{"embeddable":true,"href":"https:\/\/www.tours-in-provence.com\/fr\/wp-json\/wp\/v2\/comments?post=4901"}],"version-history":[{"count":0,"href":"https:\/\/www.tours-in-provence.com\/fr\/wp-json\/wp\/v2\/pages\/4901\/revisions"}],"wp:attachment":[{"href":"https:\/\/www.tours-in-provence.com\/fr\/wp-json\/wp\/v2\/media?parent=4901"}],"curies":[{"name":"wp","href":"https:\/\/api.w.org\/{rel}","templated":true}]}}