{"id":5392,"date":"2016-11-08T16:56:49","date_gmt":"2016-11-08T15:56:49","guid":{"rendered":"http:\/\/www.tours-in-provence.com\/fr\/circuit-individuel-copy"},"modified":"2016-11-22T20:41:09","modified_gmt":"2016-11-22T19:41:09","slug":"circuit-lavande","status":"publish","type":"page","link":"https:\/\/www.tours-in-provence.com\/fr\/circuit-lavande","title":{"rendered":"Sur la route de la Lavande"},"content":{"rendered":"<p>[vc_row][vc_column width=\u00a0\u00bb1\/2&Prime;][vc_empty_space height=\u00a0\u00bb15px\u00a0\u00bb][rev_slider_vc alias=\u00a0\u00bblavande\u00a0\u00bb][vc_empty_space height=\u00a0\u00bb15px\u00a0\u00bb][vc_row_inner content_placement=\u00a0\u00bbmiddle\u00a0\u00bb css=\u00a0\u00bb.vc_custom_1464118205599{padding-left: 5px !important;}\u00a0\u00bb][vc_column_inner width=\u00a0\u00bb1\/2&Prime;][vc_single_image image=\u00a0\u00bb4591&Prime; img_size=\u00a0\u00bbmedium\u00a0\u00bb alignment=\u00a0\u00bbcenter\u00a0\u00bb style=\u00a0\u00bbvc_box_shadow\u00a0\u00bb onclick=\u00a0\u00bbimg_link_large\u00a0\u00bb img_link_target=\u00a0\u00bb_blank\u00a0\u00bb][\/vc_column_inner][vc_column_inner width=\u00a0\u00bb1\/2&Prime;][vc_message message_box_style=\u00a0\u00bb3d\u00a0\u00bb message_box_color=\u00a0\u00bbblue\u00a0\u00bb icon_fontawesome=\u00a0\u00bbfa fa-camera-retro\u00a0\u00bb]<span style=\"color: #333333;\"><a style=\"color: #333333;\" href=\"http:\/\/www.tours-in-provence.com\/fr\/album-photos\">Pour plus de photos voir l&rsquo;album de C\u00e9cile<\/a><\/span>[\/vc_message][\/vc_column_inner][\/vc_row_inner][\/vc_column][vc_column width=\u00a0\u00bb1\/2&Prime;][vc_column_text]<\/p>\n<h3><span style=\"color: #000000;\">Les champs de lavande<\/span><\/h3>\n<p><span style=\"color: #000000;\">La saison est assez courte, donc l\u2019id\u00e9al serait de visiter la Provence la <strong>derni\u00e8re semaine de juin et les deux premi\u00e8res de Juillet<\/strong>. Ceci pour les champs situ\u00e9s vers Valensole et dans la r\u00e9gion du Luberon, Sault. <\/span><\/p>\n<h3><span style=\"color: #000000;\">La r\u00e9colte<br \/>\n<\/span><\/h3>\n<p><strong><span style=\"color: #000000;\">Apr\u00e8s le 15 juillet il est temps alors de couper !<\/span><\/strong><br \/>\n<span style=\"color: #000000;\"> Les champs sont coup\u00e9s lorsque la lavande est en fleurs, et que les fleurs sont fra\u00eeches. Une fois la lavande coup\u00e9e, elle est imm\u00e9diatement apport\u00e9e \u00e0 la distillerie pour obtenir la meilleure huile essentielle par distillation \u00e0 la vapeur. Il est possible de visiter certaines distilleries et acheter leur production.<\/span><\/p>\n<p><span style=\"color: #000000;\">Depuis l&rsquo;Antiquit\u00e9, la lavande est connue pour ses <strong>vertus curatives et apaisantes<\/strong>. Symbole de la <img loading=\"lazy\" decoding=\"async\" class=\"alignright size-full wp-image-5417\" src=\"http:\/\/www.tours-in-provence.com\/fr\/wp-content\/uploads\/sites\/9\/2016\/11\/lavande-brin.png\" alt=\"lavande-brin\" width=\"61\" height=\"143\" \/>Provence. Nous la cultivons pour son <strong>huile essentielle<\/strong> utilis\u00e9e dans les parfums, les cosm\u00e9tiques et aussi dans l&rsquo;aromath\u00e9rapie. En Provence, nous cultivons la lavande fine et lavandin.<\/span><\/p>\n<h3><span style=\"color: #000000;\">Fragrance inoubliable<\/span><\/h3>\n<p><span style=\"color: #000000;\">Voir les champs en fleur est toujours un spectacle magique et je suis toujours surprise par le parfum \u2026<\/span><\/p>\n<p><span style=\"color: #000000;\">Les champs de lavande font partie de notre agriculture depuis des si\u00e8cles. Contactez-nous pour une journ\u00e9e exceptionnelle dans le <a style=\"color: #000000;\" href=\"http:\/\/www.tours-in-provence.com\/fr\/circuit-luberon\">Luberon<\/a>. Une journ\u00e9e pour visiter les villages et les champs de lavande.<\/span>[\/vc_column_text][vc_empty_space height=\u00a0\u00bb15px\u00a0\u00bb][vc_row_inner][vc_column_inner width=\u00a0\u00bb1\/3&Prime;][\/vc_column_inner][vc_column_inner width=\u00a0\u00bb1\/3&Prime;][vc_btn title=\u00a0\u00bb TARIFS &amp; INFORMATIONS\u00a0\u00bb color=\u00a0\u00bbwarning\u00a0\u00bb align=\u00a0\u00bbcenter\u00a0\u00bb link=\u00a0\u00bburl:http%3A%2F%2Fwww.tours-in-provence.com%2Ffr%2Freservation-circuit-provence||\u00a0\u00bb][\/vc_column_inner][vc_column_inner width=\u00a0\u00bb1\/3&Prime;][\/vc_column_inner][\/vc_row_inner][vc_single_image image=\u00a0\u00bb4601&Prime;][\/vc_column][\/vc_row][vc_row css=\u00a0\u00bb.vc_custom_1463128062500{background-color: #dd9933 !important;}\u00a0\u00bb][vc_column width=\u00a0\u00bb1\/3&Prime;][vc_empty_space height=\u00a0\u00bb5px\u00a0\u00bb][vc_column_text]<\/p>\n<h3><span style=\"color: #ffffff;\">Id\u00e9es de Circuits \u00e0 la Carte<\/span><\/h3>\n<hr \/>\n<p><span style=\"color: #ffffff;\"> <a style=\"color: #ffffff;\" href=\"http:\/\/www.tours-in-provence.com\/fr\/circuit-vins\"><img loading=\"lazy\" decoding=\"async\" class=\"alignleft wp-image-4779\" src=\"http:\/\/www.tours-in-provence.com\/fr\/wp-content\/uploads\/sites\/9\/2016\/06\/vignoble-150x150.jpg\" alt=\"vins\" width=\"100\" height=\"66\" srcset=\"https:\/\/www.tours-in-provence.com\/fr\/wp-content\/uploads\/sites\/9\/2016\/06\/vignoble-300x199.jpg 300w, https:\/\/www.tours-in-provence.com\/fr\/wp-content\/uploads\/sites\/9\/2016\/06\/vignoble-768x510.jpg 768w, https:\/\/www.tours-in-provence.com\/fr\/wp-content\/uploads\/sites\/9\/2016\/06\/vignoble-1024x680.jpg 1024w, https:\/\/www.tours-in-provence.com\/fr\/wp-content\/uploads\/sites\/9\/2016\/06\/vignoble.jpg 2000w\" sizes=\"auto, (max-width: 100px) 100vw, 100px\" \/><\/a><strong>Vins de Provence<br \/>\n<\/strong>Circuit des vignobles. D\u00e9gustation de vins Ros\u00e9 &#8230;<br \/>\n+ <a style=\"color: #ffffff;\" href=\"http:\/\/www.tours-in-provence.com\/fr\/circuit-vins\">en savoir plus<\/a><\/span><\/p>\n<hr \/>\n<p><span style=\"color: #ffffff;\"> <a style=\"color: #ffffff;\" href=\"http:\/\/www.tours-in-provence.com\/fr\/circuit-mediterranee\"><img loading=\"lazy\" decoding=\"async\" class=\"alignleft wp-image-4872\" src=\"http:\/\/www.tours-in-provence.com\/fr\/wp-content\/uploads\/sites\/9\/2016\/10\/cassis-sea-side-150x150.jpg\" alt=\"cassis-mer\" width=\"100\" height=\"75\" srcset=\"https:\/\/www.tours-in-provence.com\/fr\/wp-content\/uploads\/sites\/9\/2016\/10\/cassis-sea-side-300x225.jpg 300w, https:\/\/www.tours-in-provence.com\/fr\/wp-content\/uploads\/sites\/9\/2016\/10\/cassis-sea-side-768x576.jpg 768w, https:\/\/www.tours-in-provence.com\/fr\/wp-content\/uploads\/sites\/9\/2016\/10\/cassis-sea-side-1024x768.jpg 1024w, https:\/\/www.tours-in-provence.com\/fr\/wp-content\/uploads\/sites\/9\/2016\/10\/cassis-sea-side.jpg 1038w\" sizes=\"auto, (max-width: 100px) 100vw, 100px\" \/><\/a><strong>Une journ\u00e9e sur la c\u00f4te mediterran\u00e9enne<br \/>\n<\/strong>Visite de Cassis et la m\u00e9tropole de Marseille &#8230;<br \/>\n+ <a style=\"color: #ffffff;\" href=\"http:\/\/www.tours-in-provence.com\/fr\/circuit-mediterranee\">en savoir plus<\/a><\/span><\/p>\n<hr \/>\n<p><span style=\"color: #ffffff;\"> <a style=\"color: #ffffff;\" href=\"http:\/\/www.tours-in-provence.com\/fr\/van-gogh-arles-st-remy\"><img loading=\"lazy\" decoding=\"async\" class=\"alignleft wp-image-4980\" src=\"http:\/\/www.tours-in-provence.com\/fr\/wp-content\/uploads\/sites\/9\/2016\/10\/van-gogh-la-moisson-gd-150x150.jpg\" alt=\"van-gogh-la-moisson\" width=\"100\" height=\"66\" srcset=\"https:\/\/www.tours-in-provence.com\/fr\/wp-content\/uploads\/sites\/9\/2016\/10\/van-gogh-la-moisson-gd-300x199.jpg 300w, https:\/\/www.tours-in-provence.com\/fr\/wp-content\/uploads\/sites\/9\/2016\/10\/van-gogh-la-moisson-gd-768x510.jpg 768w, https:\/\/www.tours-in-provence.com\/fr\/wp-content\/uploads\/sites\/9\/2016\/10\/van-gogh-la-moisson-gd-1024x680.jpg 1024w, https:\/\/www.tours-in-provence.com\/fr\/wp-content\/uploads\/sites\/9\/2016\/10\/van-gogh-la-moisson-gd.jpg 2000w\" sizes=\"auto, (max-width: 100px) 100vw, 100px\" \/><\/a><strong> Van Gogh Arles St R\u00e9my<br \/>\n<\/strong>A Arles rt St R\u00e9my, Van Gogh a peint des oeuvres ma\u00eetresses &#8230; + <a style=\"color: #ffffff;\" href=\"http:\/\/www.tours-in-provence.com\/fr\/van-gogh-arles-st-remy\">en savoir plus<\/a><\/span><\/p>\n<hr \/>\n<p><span style=\"color: #ffffff;\"> <a style=\"color: #ffffff;\" href=\"http:\/\/www.tours-in-provence.com\/fr\/cezanne-paysages\"><img loading=\"lazy\" decoding=\"async\" class=\"alignleft wp-image-4910\" src=\"http:\/\/www.tours-in-provence.com\/fr\/wp-content\/uploads\/sites\/9\/2015\/07\/La-montagne-Sainte-Victoire-au-grand-pin-Vers-1887-huile-sur-toile-66-x-90-cm-Londres-Courtauld-Institute-Galleries-150x150.jpg\" alt=\"la-montagne-sainte-victoire\" width=\"100\" height=\"73\" srcset=\"https:\/\/www.tours-in-provence.com\/fr\/wp-content\/uploads\/sites\/9\/2015\/07\/La-montagne-Sainte-Victoire-au-grand-pin-Vers-1887-huile-sur-toile-66-x-90-cm-Londres-Courtauld-Institute-Galleries-300x220.jpg 300w, https:\/\/www.tours-in-provence.com\/fr\/wp-content\/uploads\/sites\/9\/2015\/07\/La-montagne-Sainte-Victoire-au-grand-pin-Vers-1887-huile-sur-toile-66-x-90-cm-Londres-Courtauld-Institute-Galleries-768x562.jpg 768w, https:\/\/www.tours-in-provence.com\/fr\/wp-content\/uploads\/sites\/9\/2015\/07\/La-montagne-Sainte-Victoire-au-grand-pin-Vers-1887-huile-sur-toile-66-x-90-cm-Londres-Courtauld-Institute-Galleries.jpg 960w\" sizes=\"auto, (max-width: 100px) 100vw, 100px\" \/><\/a><strong>Les paysages de Paul Cezanne<br \/>\n<\/strong>Les paysages qui ont inspir\u00e9 le peintre connu dans le monde entier&#8230; + <a style=\"color: #ffffff;\" href=\"http:\/\/www.tours-in-provence.com\/fr\/cezanne-paysages\">en savoir plus<\/a><\/span><\/p>\n<hr \/>\n<p style=\"text-align: center;\"><span style=\"color: #ffffff;\">&#8230; <strong><a style=\"color: #ffffff;\" href=\"http:\/\/www.tours-in-provence.com\/fr\/circuit-individuel\">et bien d&rsquo;autres excursions encore<\/a><\/strong><\/span><\/p>\n<p><span style=\"color: #dd9933;\">.<\/span>[\/vc_column_text][\/vc_column][vc_column width=\u00a0\u00bb1\/3&Prime;][vc_row_inner][vc_column_inner][vc_cta h2=\u00a0\u00bbRoutes Lavande\u00a0\u00bb style=\u00a0\u00bb3d\u00a0\u00bb add_button=\u00a0\u00bbbottom\u00a0\u00bb btn_title=\u00a0\u00bbTARIFS &#8211; RESERVATIONS\u00a0\u00bb btn_color=\u00a0\u00bbwarning\u00a0\u00bb btn_align=\u00a0\u00bbcenter\u00a0\u00bb add_icon=\u00a0\u00bbtop\u00a0\u00bb i_icon_fontawesome=\u00a0\u00bbfa fa-info\u00a0\u00bb i_color=\u00a0\u00bborange\u00a0\u00bb i_background_style=\u00a0\u00bbboxed\u00a0\u00bb i_background_color=\u00a0\u00bbwhite\u00a0\u00bb i_on_border=\u00a0\u00bbtrue\u00a0\u00bb btn_link=\u00a0\u00bburl:http%3A%2F%2Fwww.tours-in-provence.com%2Ffr%2Freservation-circuit-provence||\u00a0\u00bb btn_button_block=\u00a0\u00bbtrue\u00a0\u00bb btn_add_icon=\u00a0\u00bbtrue\u00a0\u00bb]<\/p>\n<h3>Circuit d&rsquo;une journ\u00e9e<\/h3>\n<p><span style=\"color: #000000;\">D\u00e9part de votre lieux de residence estivale \u00e0 9h15 retour 5h.<\/span><br \/>\n<span style=\"color: #000000;\"><strong>. D\u00e9part d\u2019Aix en Provence :<br \/>\n<\/strong>uniquement pour Moustiers Ste Marie et Valensole <\/span><br \/>\n<span style=\"color: #000000;\"><strong>. D\u00e9part d\u2019Avignon :<\/strong><\/span><br \/>\n<span style=\"color: #000000;\">pour une journ\u00e9e en Luberon: Gordes et Sault<\/span><br \/>\n<span style=\"color: #000000;\"><strong>. D\u00e9part d&rsquo;Aix en Provence<\/strong> <strong>pour le Luberon :<\/strong><br \/>\nLourmarin, Bonnieux, Sault<\/span><\/p>\n<p><a href=\"http:\/\/www.tours-in-provence.com\/fr\/contact\">Prenez contact avec nous pour conna\u00eetre les disponibilit\u00e9s<\/a>[\/vc_cta][\/vc_column_inner][\/vc_row_inner][\/vc_column][vc_column width=\u00a0\u00bb1\/3&Prime;][vc_single_image image=\u00a0\u00bb4344&Prime; img_size=\u00a0\u00bbmedium\u00a0\u00bb alignment=\u00a0\u00bbcenter\u00a0\u00bb onclick=\u00a0\u00bbcustom_link\u00a0\u00bb link=\u00a0\u00bbhttp:\/\/www.tours-in-provence.com\/fr\/circuit-individuel\u00a0\u00bb][vc_empty_space][vc_column_text]<\/p>\n<h3>Une autre question ?<\/h3>\n<p>[\/vc_column_text][vc_tta_accordion color=\u00a0\u00bbgreen\u00a0\u00bb active_section=\u00a0\u00bb\u00a0\u00bb collapsible_all=\u00a0\u00bbtrue\u00a0\u00bb][vc_tta_section title=\u00a0\u00bbLaissez un message !\u00a0\u00bb tab_id=\u00a0\u00bb1463497319728-7ab31417-69ae\u00a0\u00bb][vc_column_text]\n<div class=\"wpcf7 no-js\" id=\"wpcf7-f4377-o1\" lang=\"fr-FR\" dir=\"ltr\" data-wpcf7-id=\"4377\">\n<div class=\"screen-reader-response\"><p role=\"status\" aria-live=\"polite\" aria-atomic=\"true\"><\/p> <ul><\/ul><\/div>\n<form action=\"\/fr\/wp-json\/wp\/v2\/pages\/5392#wpcf7-f4377-o1\" method=\"post\" class=\"wpcf7-form init\" aria-label=\"Formulaire de contact\" novalidate=\"novalidate\" data-status=\"init\">\n<fieldset class=\"hidden-fields-container\"><input type=\"hidden\" name=\"_wpcf7\" value=\"4377\" \/><input type=\"hidden\" name=\"_wpcf7_version\" value=\"6.1.5\" \/><input type=\"hidden\" name=\"_wpcf7_locale\" value=\"fr_FR\" \/><input type=\"hidden\" name=\"_wpcf7_unit_tag\" value=\"wpcf7-f4377-o1\" \/><input type=\"hidden\" name=\"_wpcf7_container_post\" value=\"0\" \/><input type=\"hidden\" name=\"_wpcf7_posted_data_hash\" value=\"\" \/><input type=\"hidden\" name=\"_wpcf7_recaptcha_response\" value=\"\" \/>\n<\/fieldset>\n<p>Nom*\n<\/p>\n<p><span class=\"wpcf7-form-control-wrap\" data-name=\"your-name\"><input size=\"40\" maxlength=\"400\" class=\"wpcf7-form-control wpcf7-text wpcf7-validates-as-required\" aria-required=\"true\" aria-invalid=\"false\" value=\"\" type=\"text\" name=\"your-name\" \/><\/span>\n<\/p>\n<p>E-mail*\n<\/p>\n<p><span class=\"wpcf7-form-control-wrap\" data-name=\"your-email\"><input size=\"40\" maxlength=\"400\" class=\"wpcf7-form-control wpcf7-email wpcf7-validates-as-required wpcf7-text wpcf7-validates-as-email\" aria-required=\"true\" aria-invalid=\"false\" value=\"\" type=\"email\" name=\"your-email\" \/><\/span>\n<\/p>\n<p>Objet*\n<\/p>\n<p><span class=\"wpcf7-form-control-wrap\" data-name=\"your-subject\"><input size=\"40\" maxlength=\"400\" class=\"wpcf7-form-control wpcf7-text wpcf7-validates-as-required\" aria-required=\"true\" aria-invalid=\"false\" value=\"\" type=\"text\" name=\"your-subject\" \/><\/span>\n<\/p>\n<p>Message\n<\/p>\n<p><span class=\"wpcf7-form-control-wrap\" data-name=\"your-message\"><textarea cols=\"40\" rows=\"10\" maxlength=\"2000\" class=\"wpcf7-form-control wpcf7-textarea\" aria-invalid=\"false\" name=\"your-message\"><\/textarea><\/span>\n<\/p>\n<p><input class=\"wpcf7-form-control wpcf7-submit has-spinner\" type=\"submit\" value=\"Envoyer\" \/>\n<\/p><div class=\"wpcf7-response-output\" aria-hidden=\"true\"><\/div>\n<\/form>\n<\/div>\n[\/vc_column_text][\/vc_tta_section][\/vc_tta_accordion][\/vc_column][\/vc_row]<\/p>\n","protected":false},"excerpt":{"rendered":"<p>[vc_row][vc_column width=\u00a0\u00bb1\/2&Prime;][vc_empty_space height=\u00a0\u00bb15px\u00a0\u00bb][rev_slider_vc alias=\u00a0\u00bblavande\u00a0\u00bb][vc_empty_space height=\u00a0\u00bb15px\u00a0\u00bb][vc_row_inner content_placement=\u00a0\u00bbmiddle\u00a0\u00bb css=\u00a0\u00bb.vc_custom_1464118205599{padding-left: 5px !important;}\u00a0\u00bb][vc_column_inner width=\u00a0\u00bb1\/2&Prime;][vc_single_image image=\u00a0\u00bb4591&Prime; img_size=\u00a0\u00bbmedium\u00a0\u00bb alignment=\u00a0\u00bbcenter\u00a0\u00bb style=\u00a0\u00bbvc_box_shadow\u00a0\u00bb onclick=\u00a0\u00bbimg_link_large\u00a0\u00bb img_link_target=\u00a0\u00bb_blank\u00a0\u00bb][\/vc_column_inner][vc_column_inner width=\u00a0\u00bb1\/2&Prime;][vc_message message_box_style=\u00a0\u00bb3d\u00a0\u00bb message_box_color=\u00a0\u00bbblue\u00a0\u00bb icon_fontawesome=\u00a0\u00bbfa fa-camera-retro\u00a0\u00bb]Pour plus de photos voir l&rsquo;album de C\u00e9cile[\/vc_message][\/vc_column_inner][\/vc_row_inner][\/vc_column][vc_column width=\u00a0\u00bb1\/2&Prime;][vc_column_text] Les champs de lavande La saison est assez courte, donc l\u2019id\u00e9al serait de visiter la Provence la derni\u00e8re semaine de juin et les deux premi\u00e8res de &#8230; <a class=\"excerpt-readmore\" href=\"https:\/\/www.tours-in-provence.com\/fr\/circuit-lavande\">Read More<\/a><\/p>\n","protected":false},"author":1,"featured_media":0,"parent":0,"menu_order":0,"comment_status":"closed","ping_status":"closed","template":"","meta":{"footnotes":""},"class_list":["post-5392","page","type-page","status-publish","hentry"],"yoast_head":"<!-- This site is optimized with the Yoast SEO plugin v26.9 - https:\/\/yoast.com\/product\/yoast-seo-wordpress\/ -->\n<title>Circuit touristique Provence \u00e0 la carte sur les Routes de la Lavande<\/title>\n<meta name=\"description\" content=\"Sur la route de la lavande avec votre guide Individuel dans une voiture priv\u00e9e et climatis\u00e9e. Possibilit\u00e9 de visiter certaines distilleries.\" \/>\n<meta name=\"robots\" content=\"index, nofollow, max-snippet:-1, max-image-preview:large, max-video-preview:-1\" \/>\n<link rel=\"canonical\" href=\"https:\/\/www.tours-in-provence.com\/fr\/circuit-lavande\" \/>\n<meta property=\"og:locale\" content=\"fr_FR\" \/>\n<meta property=\"og:type\" content=\"article\" \/>\n<meta property=\"og:title\" content=\"Circuit touristique Provence \u00e0 la carte sur les Routes de la Lavande\" \/>\n<meta property=\"og:description\" content=\"Sur la route de la lavande avec votre guide Individuel dans une voiture priv\u00e9e et climatis\u00e9e. Possibilit\u00e9 de visiter certaines distilleries.\" \/>\n<meta property=\"og:url\" content=\"https:\/\/www.tours-in-provence.com\/fr\/circuit-lavande\" \/>\n<meta property=\"og:site_name\" content=\"Circuits touristiques\" \/>\n<meta property=\"article:modified_time\" content=\"2016-11-22T19:41:09+00:00\" \/>\n<meta property=\"og:image\" content=\"https:\/\/www.tours-in-provence.com\/fr\/wp-content\/uploads\/sites\/9\/2016\/11\/lavande-brin.png\" \/>\n\t<meta property=\"og:image:width\" content=\"61\" \/>\n\t<meta property=\"og:image:height\" content=\"143\" \/>\n\t<meta property=\"og:image:type\" content=\"image\/png\" \/>\n<meta name=\"twitter:card\" content=\"summary_large_image\" \/>\n<meta name=\"twitter:label1\" content=\"Dur\u00e9e de lecture estim\u00e9e\" \/>\n\t<meta name=\"twitter:data1\" content=\"4 minutes\" \/>\n<script type=\"application\/ld+json\" class=\"yoast-schema-graph\">{\"@context\":\"https:\/\/schema.org\",\"@graph\":[{\"@type\":\"WebPage\",\"@id\":\"https:\/\/www.tours-in-provence.com\/fr\/circuit-lavande\",\"url\":\"https:\/\/www.tours-in-provence.com\/fr\/circuit-lavande\",\"name\":\"Circuit touristique Provence \u00e0 la carte sur les Routes de la Lavande\",\"isPartOf\":{\"@id\":\"https:\/\/www.tours-in-provence.com\/fr\/#website\"},\"primaryImageOfPage\":{\"@id\":\"https:\/\/www.tours-in-provence.com\/fr\/circuit-lavande#primaryimage\"},\"image\":{\"@id\":\"https:\/\/www.tours-in-provence.com\/fr\/circuit-lavande#primaryimage\"},\"thumbnailUrl\":\"http:\/\/www.tours-in-provence.com\/fr\/wp-content\/uploads\/sites\/9\/2016\/11\/lavande-brin.png\",\"datePublished\":\"2016-11-08T15:56:49+00:00\",\"dateModified\":\"2016-11-22T19:41:09+00:00\",\"description\":\"Sur la route de la lavande avec votre guide Individuel dans une voiture priv\u00e9e et climatis\u00e9e. Possibilit\u00e9 de visiter certaines distilleries.\",\"breadcrumb\":{\"@id\":\"https:\/\/www.tours-in-provence.com\/fr\/circuit-lavande#breadcrumb\"},\"inLanguage\":\"fr-FR\",\"potentialAction\":[{\"@type\":\"ReadAction\",\"target\":[\"https:\/\/www.tours-in-provence.com\/fr\/circuit-lavande\"]}]},{\"@type\":\"ImageObject\",\"inLanguage\":\"fr-FR\",\"@id\":\"https:\/\/www.tours-in-provence.com\/fr\/circuit-lavande#primaryimage\",\"url\":\"http:\/\/www.tours-in-provence.com\/fr\/wp-content\/uploads\/sites\/9\/2016\/11\/lavande-brin.png\",\"contentUrl\":\"http:\/\/www.tours-in-provence.com\/fr\/wp-content\/uploads\/sites\/9\/2016\/11\/lavande-brin.png\"},{\"@type\":\"BreadcrumbList\",\"@id\":\"https:\/\/www.tours-in-provence.com\/fr\/circuit-lavande#breadcrumb\",\"itemListElement\":[{\"@type\":\"ListItem\",\"position\":1,\"name\":\"Accueil\",\"item\":\"https:\/\/www.tours-in-provence.com\/fr\/\"},{\"@type\":\"ListItem\",\"position\":2,\"name\":\"Sur la route de la Lavande\"}]},{\"@type\":\"WebSite\",\"@id\":\"https:\/\/www.tours-in-provence.com\/fr\/#website\",\"url\":\"https:\/\/www.tours-in-provence.com\/fr\/\",\"name\":\"Circuits touristiques\",\"description\":\"Circuits touristiques en toute libert\u00e9\",\"potentialAction\":[{\"@type\":\"SearchAction\",\"target\":{\"@type\":\"EntryPoint\",\"urlTemplate\":\"https:\/\/www.tours-in-provence.com\/fr\/?s={search_term_string}\"},\"query-input\":{\"@type\":\"PropertyValueSpecification\",\"valueRequired\":true,\"valueName\":\"search_term_string\"}}],\"inLanguage\":\"fr-FR\"}]}<\/script>\n<!-- \/ Yoast SEO plugin. -->","yoast_head_json":{"title":"Circuit touristique Provence \u00e0 la carte sur les Routes de la Lavande","description":"Sur la route de la lavande avec votre guide Individuel dans une voiture priv\u00e9e et climatis\u00e9e. Possibilit\u00e9 de visiter certaines distilleries.","robots":{"index":"index","follow":"nofollow","max-snippet":"max-snippet:-1","max-image-preview":"max-image-preview:large","max-video-preview":"max-video-preview:-1"},"canonical":"https:\/\/www.tours-in-provence.com\/fr\/circuit-lavande","og_locale":"fr_FR","og_type":"article","og_title":"Circuit touristique Provence \u00e0 la carte sur les Routes de la Lavande","og_description":"Sur la route de la lavande avec votre guide Individuel dans une voiture priv\u00e9e et climatis\u00e9e. Possibilit\u00e9 de visiter certaines distilleries.","og_url":"https:\/\/www.tours-in-provence.com\/fr\/circuit-lavande","og_site_name":"Circuits touristiques","article_modified_time":"2016-11-22T19:41:09+00:00","og_image":[{"width":61,"height":143,"url":"https:\/\/www.tours-in-provence.com\/fr\/wp-content\/uploads\/sites\/9\/2016\/11\/lavande-brin.png","type":"image\/png"}],"twitter_card":"summary_large_image","twitter_misc":{"Dur\u00e9e de lecture estim\u00e9e":"4 minutes"},"schema":{"@context":"https:\/\/schema.org","@graph":[{"@type":"WebPage","@id":"https:\/\/www.tours-in-provence.com\/fr\/circuit-lavande","url":"https:\/\/www.tours-in-provence.com\/fr\/circuit-lavande","name":"Circuit touristique Provence \u00e0 la carte sur les Routes de la Lavande","isPartOf":{"@id":"https:\/\/www.tours-in-provence.com\/fr\/#website"},"primaryImageOfPage":{"@id":"https:\/\/www.tours-in-provence.com\/fr\/circuit-lavande#primaryimage"},"image":{"@id":"https:\/\/www.tours-in-provence.com\/fr\/circuit-lavande#primaryimage"},"thumbnailUrl":"http:\/\/www.tours-in-provence.com\/fr\/wp-content\/uploads\/sites\/9\/2016\/11\/lavande-brin.png","datePublished":"2016-11-08T15:56:49+00:00","dateModified":"2016-11-22T19:41:09+00:00","description":"Sur la route de la lavande avec votre guide Individuel dans une voiture priv\u00e9e et climatis\u00e9e. Possibilit\u00e9 de visiter certaines distilleries.","breadcrumb":{"@id":"https:\/\/www.tours-in-provence.com\/fr\/circuit-lavande#breadcrumb"},"inLanguage":"fr-FR","potentialAction":[{"@type":"ReadAction","target":["https:\/\/www.tours-in-provence.com\/fr\/circuit-lavande"]}]},{"@type":"ImageObject","inLanguage":"fr-FR","@id":"https:\/\/www.tours-in-provence.com\/fr\/circuit-lavande#primaryimage","url":"http:\/\/www.tours-in-provence.com\/fr\/wp-content\/uploads\/sites\/9\/2016\/11\/lavande-brin.png","contentUrl":"http:\/\/www.tours-in-provence.com\/fr\/wp-content\/uploads\/sites\/9\/2016\/11\/lavande-brin.png"},{"@type":"BreadcrumbList","@id":"https:\/\/www.tours-in-provence.com\/fr\/circuit-lavande#breadcrumb","itemListElement":[{"@type":"ListItem","position":1,"name":"Accueil","item":"https:\/\/www.tours-in-provence.com\/fr\/"},{"@type":"ListItem","position":2,"name":"Sur la route de la Lavande"}]},{"@type":"WebSite","@id":"https:\/\/www.tours-in-provence.com\/fr\/#website","url":"https:\/\/www.tours-in-provence.com\/fr\/","name":"Circuits touristiques","description":"Circuits touristiques en toute libert\u00e9","potentialAction":[{"@type":"SearchAction","target":{"@type":"EntryPoint","urlTemplate":"https:\/\/www.tours-in-provence.com\/fr\/?s={search_term_string}"},"query-input":{"@type":"PropertyValueSpecification","valueRequired":true,"valueName":"search_term_string"}}],"inLanguage":"fr-FR"}]}},"_links":{"self":[{"href":"https:\/\/www.tours-in-provence.com\/fr\/wp-json\/wp\/v2\/pages\/5392","targetHints":{"allow":["GET"]}}],"collection":[{"href":"https:\/\/www.tours-in-provence.com\/fr\/wp-json\/wp\/v2\/pages"}],"about":[{"href":"https:\/\/www.tours-in-provence.com\/fr\/wp-json\/wp\/v2\/types\/page"}],"author":[{"embeddable":true,"href":"https:\/\/www.tours-in-provence.com\/fr\/wp-json\/wp\/v2\/users\/1"}],"replies":[{"embeddable":true,"href":"https:\/\/www.tours-in-provence.com\/fr\/wp-json\/wp\/v2\/comments?post=5392"}],"version-history":[{"count":0,"href":"https:\/\/www.tours-in-provence.com\/fr\/wp-json\/wp\/v2\/pages\/5392\/revisions"}],"wp:attachment":[{"href":"https:\/\/www.tours-in-provence.com\/fr\/wp-json\/wp\/v2\/media?parent=5392"}],"curies":[{"name":"wp","href":"https:\/\/api.w.org\/{rel}","templated":true}]}}